{"id":9804,"date":"2023-06-26T14:22:40","date_gmt":"2023-06-26T14:22:40","guid":{"rendered":"https:\/\/t-neph.cms2hset.org\/JPG\/?page_id=9804"},"modified":"2024-07-08T15:20:42","modified_gmt":"2024-07-08T15:20:42","slug":"programme","status":"publish","type":"page","link":"https:\/\/t-neph.cms2hset.org\/JPG\/programme\/","title":{"rendered":"Programme"},"content":{"rendered":"[et_pb_section fb_built=\u00a0\u00bb1&Prime; custom_padding_last_edited=\u00a0\u00bboff|desktop\u00a0\u00bb admin_label=\u00a0\u00bbhero section\u00a0\u00bb _builder_version=\u00a0\u00bb4.20.0&Prime; use_background_color_gradient=\u00a0\u00bbon\u00a0\u00bb background_color_gradient_stops=\u00a0\u00bb#ffffff 0%|#e7edf9 100%\u00a0\u00bb background_color_gradient_start=\u00a0\u00bb#ffffff\u00a0\u00bb background_color_gradient_end=\u00a0\u00bb#e7edf9&Prime; background_image=\u00a0\u00bbhttps:\/\/t-neph.cms2hset.org\/wp-content\/uploads\/2023\/08\/Capture-decran-2023-08-03-a-10.37.37.png\u00a0\u00bb min_height=\u00a0\u00bb299px\u00a0\u00bb min_height_tablet=\u00a0\u00bb309px\u00a0\u00bb min_height_phone=\u00a0\u00bb300px\u00a0\u00bb min_height_last_edited=\u00a0\u00bbon|desktop\u00a0\u00bb height=\u00a0\u00bb300px\u00a0\u00bb max_height=\u00a0\u00bb300px\u00a0\u00bb custom_margin=\u00a0\u00bb||||false|false\u00a0\u00bb custom_padding=\u00a0\u00bb100px||100px||false|false\u00a0\u00bb custom_padding_tablet=\u00a0\u00bb130px||130px|\u00a0\u00bb global_colors_info=\u00a0\u00bb{}\u00a0\u00bb][et_pb_row _builder_version=\u00a0\u00bb4.20.0&Prime; _module_preset=\u00a0\u00bbdefault\u00a0\u00bb global_colors_info=\u00a0\u00bb{}\u00a0\u00bb][et_pb_column type=\u00a0\u00bb4_4&Prime; _builder_version=\u00a0\u00bb4.20.0&Prime; _module_preset=\u00a0\u00bbdefault\u00a0\u00bb global_colors_info=\u00a0\u00bb{}\u00a0\u00bb][et_pb_text _builder_version=\u00a0\u00bb4.20.0&Prime; text_font=\u00a0\u00bb||||||||\u00a0\u00bb text_text_color=\u00a0\u00bb#ffffff\u00a0\u00bb header_font=\u00a0\u00bbMerriweather|700|||||||\u00a0\u00bb header_text_color=\u00a0\u00bb#FFFFFF\u00a0\u00bb header_font_size=\u00a0\u00bb46px\u00a0\u00bb header_line_height=\u00a0\u00bb1.3em\u00a0\u00bb custom_margin=\u00a0\u00bb||0px|\u00a0\u00bb custom_padding=\u00a0\u00bb||0px|||\u00a0\u00bb animation_style=\u00a0\u00bbflip\u00a0\u00bb animation_direction=\u00a0\u00bbtop\u00a0\u00bb global_colors_info=\u00a0\u00bb{}\u00a0\u00bb]\n<h1>Scientific Program<\/h1>\n<h2>\u00a0<\/h2>\n[\/et_pb_text][et_pb_text _builder_version=\u00a0\u00bb4.20.0&Prime; _module_preset=\u00a0\u00bbdefault\u00a0\u00bb header_font_size=\u00a0\u00bb35px\u00a0\u00bb header_2_text_color=\u00a0\u00bb#FFFFFF\u00a0\u00bb min_height=\u00a0\u00bb85px\u00a0\u00bb global_colors_info=\u00a0\u00bb{}\u00a0\u00bb]\n<h2><strong>Lausanne CHUV<br \/>Auditoire C\u00e9sar Roux<\/strong><br \/><strong>Friday June 21 2024<\/strong><\/h2>\n[\/et_pb_text][\/et_pb_column][\/et_pb_row][\/et_pb_section][et_pb_section fb_built=\u00a0\u00bb1&Prime; admin_label=\u00a0\u00bbschedules section\u00a0\u00bb _builder_version=\u00a0\u00bb4.16&Prime; custom_padding=\u00a0\u00bb100px||100px|\u00a0\u00bb animation_style=\u00a0\u00bbzoom\u00a0\u00bb animation_intensity_zoom=\u00a0\u00bb10%\u00a0\u00bb global_colors_info=\u00a0\u00bb{}\u00a0\u00bb][et_pb_row _builder_version=\u00a0\u00bb4.20.0&Prime; custom_padding=\u00a0\u00bb10px|0px|10px|0px\u00a0\u00bb border_radii=\u00a0\u00bboff|0px|0px|0px|0px\u00a0\u00bb border_color_all=\u00a0\u00bb#4646c4&Prime; border_width_bottom=\u00a0\u00bb3px\u00a0\u00bb global_colors_info=\u00a0\u00bb{}\u00a0\u00bb][et_pb_column type=\u00a0\u00bb4_4&Prime; _builder_version=\u00a0\u00bb4.16&Prime; custom_padding=\u00a0\u00bb|||\u00a0\u00bb global_colors_info=\u00a0\u00bb{}\u00a0\u00bb custom_padding__hover=\u00a0\u00bb|||\u00a0\u00bb][et_pb_text admin_label=\u00a0\u00bbMorning\u00a0\u00bb _builder_version=\u00a0\u00bb4.20.0&Prime; text_font=\u00a0\u00bb||||||||\u00a0\u00bb header_font=\u00a0\u00bb||||||||\u00a0\u00bb header_2_font=\u00a0\u00bb|700|||||||\u00a0\u00bb header_2_line_height=\u00a0\u00bb1.4em\u00a0\u00bb global_colors_info=\u00a0\u00bb{}\u00a0\u00bb]\n<h1>Morning<\/h1>\n[\/et_pb_text][\/et_pb_column][\/et_pb_row][et_pb_row column_structure=\u00a0\u00bb1_4,3_4&Prime; admin_label=\u00a0\u00bbTiming and speaker\u00a0\u00bb _builder_version=\u00a0\u00bb4.20.0&Prime; min_height=\u00a0\u00bb219.7px\u00a0\u00bb custom_padding=\u00a0\u00bb40px|0px|2px|0px||\u00a0\u00bb border_color_all=\u00a0\u00bb#e1e3e5&Prime; border_width_top=\u00a0\u00bb1px\u00a0\u00bb global_colors_info=\u00a0\u00bb{}\u00a0\u00bb][et_pb_column type=\u00a0\u00bb1_4&Prime; _builder_version=\u00a0\u00bb4.16&Prime; custom_padding=\u00a0\u00bb|||\u00a0\u00bb global_colors_info=\u00a0\u00bb{}\u00a0\u00bb custom_padding__hover=\u00a0\u00bb|||\u00a0\u00bb][et_pb_blurb title=\u00a0\u00bb8:30 \u00a0\u00bb use_icon=\u00a0\u00bbon\u00a0\u00bb font_icon=\u00a0\u00bb&#x7d;||divi||400&Prime; icon_color=\u00a0\u00bb#a9aab7&Prime; icon_placement=\u00a0\u00bbleft\u00a0\u00bb image_icon_width=\u00a0\u00bb24px\u00a0\u00bb admin_label=\u00a0\u00bb8.30&Prime; _builder_version=\u00a0\u00bb4.20.0&Prime; header_font=\u00a0\u00bb|||on|||||\u00a0\u00bb header_font_size=\u00a0\u00bb14px\u00a0\u00bb header_letter_spacing=\u00a0\u00bb1px\u00a0\u00bb header_line_height=\u00a0\u00bb24px\u00a0\u00bb body_font=\u00a0\u00bb||||||||\u00a0\u00bb custom_margin=\u00a0\u00bb|||\u00a0\u00bb icon_font_size=\u00a0\u00bb24px\u00a0\u00bb global_colors_info=\u00a0\u00bb{}\u00a0\u00bb][\/et_pb_blurb][\/et_pb_column][et_pb_column type=\u00a0\u00bb3_4&Prime; _builder_version=\u00a0\u00bb4.16&Prime; custom_padding=\u00a0\u00bb|||\u00a0\u00bb global_colors_info=\u00a0\u00bb{}\u00a0\u00bb custom_padding__hover=\u00a0\u00bb|||\u00a0\u00bb][et_pb_text admin_label=\u00a0\u00bbBR\u00a0\u00bb _builder_version=\u00a0\u00bb4.20.0&Prime; text_font=\u00a0\u00bb||||||||\u00a0\u00bb link_font=\u00a0\u00bb||||||||\u00a0\u00bb link_text_color=\u00a0\u00bb#4646c4&Prime; header_font=\u00a0\u00bb||||||||\u00a0\u00bb header_3_font=\u00a0\u00bbMerriweather|700|||||||\u00a0\u00bb header_3_text_color=\u00a0\u00bb#4646c4&Prime; header_3_line_height=\u00a0\u00bb1.3em\u00a0\u00bb custom_margin=\u00a0\u00bb||20px|\u00a0\u00bb global_colors_info=\u00a0\u00bb{}\u00a0\u00bb]\n<h3>Welcome and Introduction<\/h3>\n<p>by Bernard Rossier (Universit\u00e9 de Lausanne)<\/p>\n[\/et_pb_text][et_pb_text admin_label=\u00a0\u00bbMP\u00a0\u00bb _builder_version=\u00a0\u00bb4.20.0&Prime; text_font=\u00a0\u00bb||||||||\u00a0\u00bb link_font=\u00a0\u00bb||||||||\u00a0\u00bb link_text_color=\u00a0\u00bb#4646c4&Prime; header_font=\u00a0\u00bb||||||||\u00a0\u00bb header_3_font=\u00a0\u00bbMerriweather|700|||||||\u00a0\u00bb header_3_text_color=\u00a0\u00bb#4646c4&Prime; header_3_line_height=\u00a0\u00bb1.3em\u00a0\u00bb custom_margin=\u00a0\u00bb||20px|\u00a0\u00bb global_colors_info=\u00a0\u00bb{}\u00a0\u00bb]\n<h3>Welcome from the Dean<\/h3>\n<p>by Manuel Pascual (Facult\u00e9 de Biologie et de M\u00e9decine, Universit\u00e9 de Lausanne)<\/p>\n[\/et_pb_text][et_pb_text admin_label=\u00a0\u00bbJDT\u00a0\u00bb _builder_version=\u00a0\u00bb4.20.0&Prime; text_font=\u00a0\u00bb||||||||\u00a0\u00bb link_font=\u00a0\u00bb||||||||\u00a0\u00bb link_text_color=\u00a0\u00bb#4646c4&Prime; header_font=\u00a0\u00bb||||||||\u00a0\u00bb header_3_font=\u00a0\u00bbMerriweather|700|||||||\u00a0\u00bb header_3_text_color=\u00a0\u00bb#4646c4&Prime; header_3_line_height=\u00a0\u00bb1.3em\u00a0\u00bb custom_margin=\u00a0\u00bb||20px|\u00a0\u00bb global_colors_info=\u00a0\u00bb{}\u00a0\u00bb]\n<h3>Who was Jean-Pierre Guignard?<\/h3>\n<p>by Jean-Daniel Tissot (Universit\u00e9 de Lausanne)<\/p>\n[\/et_pb_text][\/et_pb_column][\/et_pb_row][et_pb_row _builder_version=\u00a0\u00bb4.20.0&Prime; _module_preset=\u00a0\u00bbdefault\u00a0\u00bb global_colors_info=\u00a0\u00bb{}\u00a0\u00bb][et_pb_column type=\u00a0\u00bb4_4&Prime; _builder_version=\u00a0\u00bb4.20.0&Prime; _module_preset=\u00a0\u00bbdefault\u00a0\u00bb global_colors_info=\u00a0\u00bb{}\u00a0\u00bb][et_pb_divider color=\u00a0\u00bb#2136ef\u00a0\u00bb divider_weight=\u00a0\u00bb3px\u00a0\u00bb _builder_version=\u00a0\u00bb4.20.0&Prime; _module_preset=\u00a0\u00bbdefault\u00a0\u00bb global_colors_info=\u00a0\u00bb{}\u00a0\u00bb][\/et_pb_divider][\/et_pb_column][\/et_pb_row][et_pb_row column_structure=\u00a0\u00bb1_4,3_4&Prime; _builder_version=\u00a0\u00bb4.20.0&Prime; _module_preset=\u00a0\u00bbdefault\u00a0\u00bb background_color=\u00a0\u00bb#D2E4F9&Prime; custom_margin=\u00a0\u00bb|auto|-49px|auto||\u00a0\u00bb custom_padding=\u00a0\u00bb||4px||false|false\u00a0\u00bb global_colors_info=\u00a0\u00bb{}\u00a0\u00bb][et_pb_column type=\u00a0\u00bb1_4&Prime; _builder_version=\u00a0\u00bb4.20.0&Prime; _module_preset=\u00a0\u00bbdefault\u00a0\u00bb global_colors_info=\u00a0\u00bb{}\u00a0\u00bb][et_pb_blurb title=\u00a0\u00bb8:55 \u00a0\u00bb use_icon=\u00a0\u00bbon\u00a0\u00bb font_icon=\u00a0\u00bb&#x7d;||divi||400&Prime; icon_color=\u00a0\u00bb#a9aab7&Prime; icon_placement=\u00a0\u00bbleft\u00a0\u00bb image_icon_width=\u00a0\u00bb24px\u00a0\u00bb admin_label=\u00a0\u00bb8:55&Prime; _builder_version=\u00a0\u00bb4.20.0&Prime; header_font=\u00a0\u00bb|||on|||||\u00a0\u00bb header_font_size=\u00a0\u00bb14px\u00a0\u00bb header_letter_spacing=\u00a0\u00bb1px\u00a0\u00bb header_line_height=\u00a0\u00bb24px\u00a0\u00bb body_font=\u00a0\u00bb||||||||\u00a0\u00bb custom_margin=\u00a0\u00bb|||\u00a0\u00bb icon_font_size=\u00a0\u00bb24px\u00a0\u00bb global_colors_info=\u00a0\u00bb{}\u00a0\u00bb][\/et_pb_blurb][\/et_pb_column][et_pb_column type=\u00a0\u00bb3_4&Prime; _builder_version=\u00a0\u00bb4.20.0&Prime; _module_preset=\u00a0\u00bbdefault\u00a0\u00bb global_colors_info=\u00a0\u00bb{}\u00a0\u00bb][et_pb_text admin_label=\u00a0\u00bbState of the Art\u00a0\u00bb _builder_version=\u00a0\u00bb4.20.0&Prime; _module_preset=\u00a0\u00bbdefault\u00a0\u00bb global_colors_info=\u00a0\u00bb{}\u00a0\u00bb]\n<h2><big><big><strong><em>State of the Art Lecture (1)<\/em><\/strong><\/big><\/big><\/h2>\n<h4><big><big><em>Chair: Fran\u00e7ois Verrey (UZH) and Laurent Schild (UNIL)<\/em><strong><em><br \/><\/em><\/strong><\/big><\/big><\/h4>\n[\/et_pb_text][et_pb_text admin_label=\u00a0\u00bbAH Title\u00a0\u00bb _builder_version=\u00a0\u00bb4.20.0&Prime; text_font=\u00a0\u00bb||||||||\u00a0\u00bb link_font=\u00a0\u00bb||||||||\u00a0\u00bb link_text_color=\u00a0\u00bb#4646c4&Prime; header_font=\u00a0\u00bb||||||||\u00a0\u00bb header_3_font=\u00a0\u00bbMerriweather|700|||||||\u00a0\u00bb header_3_text_color=\u00a0\u00bb#4646c4&Prime; header_3_line_height=\u00a0\u00bb1.3em\u00a0\u00bb custom_margin=\u00a0\u00bb||20px|\u00a0\u00bb global_colors_info=\u00a0\u00bb{}\u00a0\u00bb]\n<h3>Functional imaging of the kidney\u00a0and drug toxicity<\/h3>\n[\/et_pb_text][et_pb_toggle title=\u00a0\u00bbAndrew Hall (University of Z\u00fcrich)\u00a0\u00bb open_toggle_text_color=\u00a0\u00bb#000000&Prime; closed_toggle_text_color=\u00a0\u00bb#000000&Prime; icon_color=\u00a0\u00bb#0C71C3&Prime; toggle_icon=\u00a0\u00bb&#x54;||divi||400&Prime; use_icon_font_size=\u00a0\u00bbon\u00a0\u00bb icon_font_size=\u00a0\u00bb20px\u00a0\u00bb open_icon_color=\u00a0\u00bb#ffffff\u00a0\u00bb _builder_version=\u00a0\u00bb4.20.0&Prime; _module_preset=\u00a0\u00bbdefault\u00a0\u00bb title_text_color=\u00a0\u00bb#000000&Prime; title_level=\u00a0\u00bbh1&Prime; title_font_size=\u00a0\u00bb16px\u00a0\u00bb closed_title_font_size=\u00a0\u00bb19px\u00a0\u00bb body_text_color=\u00a0\u00bb#000000&Prime; body_font_size=\u00a0\u00bb12px\u00a0\u00bb background_color=\u00a0\u00bb#e5e5e5&Prime; global_colors_info=\u00a0\u00bb{}\u00a0\u00bb]\n<p><img decoding=\"async\" class=\"wp-image-9475 alignnone size-medium\" src=\"https:\/\/t-neph.cms2hset.org\/wp-content\/uploads\/2023\/03\/1-300x300.png\" alt=\"\" width=\"200\" height=\"200\" \/><\/p>\n<div>\n<div><a href=\"mailto:andrew.hall@uzh.ch\" target=\"_blank\" rel=\"noopener\">andrew.hall@uzh.ch<\/a><\/div>\n<p>Andrew Hall is associate professor ad personam at the Institute of Anatomy, holding a double affiliation with the Medical and Science Faculties. The activities of his research group are focused on the development and application of advanced imaging approaches, including intravital microscopy, to elucidate dynamic cellular mechanisms of kidney diseases, with the long-term goal of developing new diagnostic and therapeutic strategies. He receives funding from the <a href=\"https:\/\/data.snf.ch\/grants\/person\/510201\" target=\"_blank\" rel=\"noopener\">Swiss National Science Foundation<\/a>.<br \/>Since 2022 Andrew Hall is the founding director of the <a href=\"https:\/\/www.zurich-kidney.uzh.ch\/en.html\">Zurich Kidney Center<\/a>, a Competence Center of the University of Zurich, which brings together scientists and clinicians across different institutions, working together to find new ways to diagnose and treat kidney diseases.<\/p>\n<p><strong>Integration of high-throughput imaging and multiparametric metabolic profiling reveals a mitochondrial mechanism of Tenofovir toxicity<\/strong><br \/>Pearson A, Haenni D, Bouitbir J, Hunt M, Payne BAI, Sachdeva A, Hung RKY, Post FR, Connolly J, Nlandu-Khodo S, Jankovic N, Bugarski M, Hall AM. <em>Function (Oxf.)<\/em> (2023)<br \/><a href=\"https:\/\/pubmed.ncbi.nlm.nih.gov\/36654930\/\">https:\/\/pubmed.ncbi.nlm.nih.gov\/36654930\/<\/a><\/p>\n<p><strong>Spatiotemporal organisation of protein processing in the kidney<br \/><\/strong>Polesel M, Kaminska M, Haenni D, Bugarski M, Schuh C, Jankovic N, Kaech A, Mateos JM, Berquez M, Hall AM. <em>Nat Commun.<\/em> (2022)<br \/><a href=\"https:\/\/pubmed.ncbi.nlm.nih.gov\/36175561\/\" target=\"_blank\" rel=\"noopener\">https:\/\/pubmed.ncbi.nlm.nih.gov\/36175561\/<\/a><\/p>\n<p><strong>Intravital kidney microscopy: Entering a new era<\/strong><br \/>Martins JR, Haenni D, Bugarski M, Polesel M, Schuh C, Hall AM <em>Kidney Int.<\/em> (2021)<br \/><a href=\"https:\/\/pubmed.ncbi.nlm.nih.gov\/34015315\/\" target=\"_blank\" rel=\"noopener\">https:\/\/pubmed.ncbi.nlm.nih.gov\/34015315\/<\/a><\/p>\n<\/div>\n[\/et_pb_toggle][\/et_pb_column][\/et_pb_row][et_pb_row _builder_version=\u00a0\u00bb4.20.0&Prime; _module_preset=\u00a0\u00bbdefault\u00a0\u00bb global_colors_info=\u00a0\u00bb{}\u00a0\u00bb][et_pb_column type=\u00a0\u00bb4_4&Prime; _builder_version=\u00a0\u00bb4.20.0&Prime; _module_preset=\u00a0\u00bbdefault\u00a0\u00bb global_colors_info=\u00a0\u00bb{}\u00a0\u00bb][et_pb_divider color=\u00a0\u00bb#2136ef\u00a0\u00bb divider_weight=\u00a0\u00bb3px\u00a0\u00bb admin_label=\u00a0\u00bbDivider\u00a0\u00bb _builder_version=\u00a0\u00bb4.20.0&Prime; _module_preset=\u00a0\u00bbdefault\u00a0\u00bb locked=\u00a0\u00bboff\u00a0\u00bb global_colors_info=\u00a0\u00bb{}\u00a0\u00bb][\/et_pb_divider][\/et_pb_column][\/et_pb_row][et_pb_row _builder_version=\u00a0\u00bb4.20.0&Prime; _module_preset=\u00a0\u00bbdefault\u00a0\u00bb global_colors_info=\u00a0\u00bb{}\u00a0\u00bb][et_pb_column type=\u00a0\u00bb4_4&Prime; _builder_version=\u00a0\u00bb4.20.0&Prime; _module_preset=\u00a0\u00bbdefault\u00a0\u00bb global_colors_info=\u00a0\u00bb{}\u00a0\u00bb][et_pb_text admin_label=\u00a0\u00bbsession 1: 9h30 Pediatric Nephrology\u00a0\u00bb _builder_version=\u00a0\u00bb4.20.0&Prime; text_font=\u00a0\u00bb||||||||\u00a0\u00bb link_font=\u00a0\u00bb||||||||\u00a0\u00bb link_text_color=\u00a0\u00bb#4646c4&Prime; header_font=\u00a0\u00bb||||||||\u00a0\u00bb header_3_font=\u00a0\u00bbMerriweather|700|||||||\u00a0\u00bb header_3_text_color=\u00a0\u00bb#4646c4&Prime; header_3_line_height=\u00a0\u00bb1.3em\u00a0\u00bb custom_margin=\u00a0\u00bb||20px|\u00a0\u00bb global_colors_info=\u00a0\u00bb{}\u00a0\u00bb]\n<h2><big><big><em><strong>09:30\u00a0 Session 1\u00a0 \u2192 Pediatric Nephrology<\/strong><\/em><\/big><\/big><\/h2>\n<h4><big><big><em>Chair: Philippe Jaeger (UCL)<\/em><big><\/big><\/big><\/big><\/h4>\n[\/et_pb_text][\/et_pb_column][\/et_pb_row][et_pb_row column_structure=\u00a0\u00bb1_4,3_4&Prime; _builder_version=\u00a0\u00bb4.20.0&Prime; _module_preset=\u00a0\u00bbdefault\u00a0\u00bb min_height=\u00a0\u00bb130.4px\u00a0\u00bb custom_padding=\u00a0\u00bb||0px|||\u00a0\u00bb global_colors_info=\u00a0\u00bb{}\u00a0\u00bb][et_pb_column type=\u00a0\u00bb1_4&Prime; _builder_version=\u00a0\u00bb4.20.0&Prime; _module_preset=\u00a0\u00bbdefault\u00a0\u00bb global_colors_info=\u00a0\u00bb{}\u00a0\u00bb][et_pb_blurb title=\u00a0\u00bb9:30&Prime; use_icon=\u00a0\u00bbon\u00a0\u00bb font_icon=\u00a0\u00bb&#x7d;||divi||400&Prime; icon_color=\u00a0\u00bb#a9aab7&Prime; icon_placement=\u00a0\u00bbleft\u00a0\u00bb image_icon_width=\u00a0\u00bb24px\u00a0\u00bb admin_label=\u00a0\u00bb9:30 \u00a0\u00bb _builder_version=\u00a0\u00bb4.20.0&Prime; header_font=\u00a0\u00bb|||on|||||\u00a0\u00bb header_font_size=\u00a0\u00bb14px\u00a0\u00bb header_letter_spacing=\u00a0\u00bb1px\u00a0\u00bb header_line_height=\u00a0\u00bb24px\u00a0\u00bb body_font=\u00a0\u00bb||||||||\u00a0\u00bb custom_margin=\u00a0\u00bb|||\u00a0\u00bb icon_font_size=\u00a0\u00bb24px\u00a0\u00bb global_colors_info=\u00a0\u00bb{}\u00a0\u00bb][\/et_pb_blurb][\/et_pb_column][et_pb_column type=\u00a0\u00bb3_4&Prime; _builder_version=\u00a0\u00bb4.20.0&Prime; _module_preset=\u00a0\u00bbdefault\u00a0\u00bb global_colors_info=\u00a0\u00bb{}\u00a0\u00bb][et_pb_text admin_label=\u00a0\u00bbby Christoph Licht\u00a0\u00bb _builder_version=\u00a0\u00bb4.20.0&Prime; text_font=\u00a0\u00bb||||||||\u00a0\u00bb link_font=\u00a0\u00bb||||||||\u00a0\u00bb link_text_color=\u00a0\u00bb#4646c4&Prime; header_font=\u00a0\u00bb||||||||\u00a0\u00bb header_3_font=\u00a0\u00bbMerriweather|700|||||||\u00a0\u00bb header_3_text_color=\u00a0\u00bb#4646c4&Prime; header_3_line_height=\u00a0\u00bb1.3em\u00a0\u00bb custom_margin=\u00a0\u00bb||20px|\u00a0\u00bb global_colors_info=\u00a0\u00bb{}\u00a0\u00bb]\n<h3>Complement in health and disease &#8211; a question of moderation<\/h3>\n[\/et_pb_text][et_pb_toggle title=\u00a0\u00bbChristoph Licht (Univerity of Toronto)\u00a0\u00bb open_toggle_text_color=\u00a0\u00bb#000000&Prime; closed_toggle_text_color=\u00a0\u00bb#000000&Prime; icon_color=\u00a0\u00bb#0C71C3&Prime; toggle_icon=\u00a0\u00bb&#x54;||divi||400&Prime; use_icon_font_size=\u00a0\u00bbon\u00a0\u00bb icon_font_size=\u00a0\u00bb20px\u00a0\u00bb open_icon_color=\u00a0\u00bb#ffffff\u00a0\u00bb _builder_version=\u00a0\u00bb4.20.0&Prime; _module_preset=\u00a0\u00bbdefault\u00a0\u00bb title_text_color=\u00a0\u00bb#000000&Prime; title_level=\u00a0\u00bbh1&Prime; title_font_size=\u00a0\u00bb16px\u00a0\u00bb closed_title_font_size=\u00a0\u00bb19px\u00a0\u00bb body_text_color=\u00a0\u00bb#000000&Prime; body_font_size=\u00a0\u00bb12px\u00a0\u00bb background_color=\u00a0\u00bb#e5e5e5&Prime; global_colors_info=\u00a0\u00bb{}\u00a0\u00bb]\n<p><img decoding=\"async\" class=\"wp-image-10709 alignnone \" src=\"https:\/\/t-neph.cms2hset.org\/wp-content\/uploads\/2023\/08\/Christoph_Licht_25JAN2023_MG_2392-2-683x1024.jpeg\" alt=\"\" width=\"150\" height=\"200\" \/><br \/>Dr. Christoph Licht\u2019s contributions to Paediatric Nephrology have evolved at The Hospital for Sick Children (SickKids) over the past 17 years to his current clinical, research, and academic appointments of Staff Nephrologist and Medical Director of Dialysis &amp; Apheresis Program in the Division of Nephrology; Senior Scientist in the SickKids Research Institute Cell Biology Program; Professor at the University of Toronto in the Departments of Paediatrics, IMS, LMP, and Medicine; and Associate Staff Physician in Medicine at UHN Toronto General Hospital. In addition, Christoph is a Guest Professor at the University of Ghent, Belgium.<br \/>He completed a Doctor of Medicine (MD) at the Albert-Ludwigs-University, Freiburg, Germany, in 1992 and a Doctorate in Medicine (Dr. med) in Internal Medicine\/Nephrology at the Ruprecht-Karls-University, Heidelberg, Germany, in 1995. In parallel, he completed his postgraduate training in Paediatrics (1992-1998) and Paediatric Nephrology (1998-1999; 2002-2005) at the Children&rsquo;s Hospital of the University of Cologne, Germany.<br \/>From 1999-2002, Dr. Licht relocated to the USA for a postdoctoral research fellowship in Nephrology at the University of Texas, Southwestern Medical Center in Dallas, Texas. He returned to the Children&rsquo;s Hospital of the University of Cologne, Germany, where he completed his \u201cHabilitation\u201d in 2005. \u00a0In 2006, he relocated to Canada to commence his full-time position as Staff Nephrologist in the SickKids Division of Nephrology and as Assistant Professor of Paediatrics at the University of Toronto.<\/p>\n<p>Dr. Licht is an international expert on complement-mediated kidney diseases. His work has advanced the understanding of the pathogenesis and management of aHUS and C3G. His laboratory has made significant contributions to the knowledge of the consequences of complement activation on platelets, neutrophils and endothelial\/epithelial cells, and has established a series of functional assays allowing for the assessment of patients with (suspected) complement-mediated diseases. In current research projects the Licht lab explores the role of complement in tissue homeostasis beyond the kidneys, and of intracellular complement.<br \/>Dr. Licht established and is Co-director of the University of Toronto \u201cComplement Fellowship\u201d and launched the annual international \u201cToronto Complement Conference\u201d.<br \/>Dr. Licht also has a long-standing interest in chronic proteinuric kidney disease (such as in Alport Syndrome). He established one of the first registries of children with Alport Syndrome. He demonstrated the treatment benefit of RAAS blockade in this cohort. He published international treatment guidelines for children with Alport Syndrome. He also demonstrated a central role for ET-1\/ETBR as well as complement in the progression of chronic proteinuric kidney disease.<br \/>As Medical Director of Medical Director of the SickKids Dialysis &amp; Apheresis Program, Dr. Licht lead the implementation of Hemodiafiltration as the new treatment standard for patients on hemodialysis, and the use of Continuous Flow Peritoneal Dialysis (CFPD) for the treatment of very small newborns with kidney failure.<br \/>Dr. Licht has authored over 145 peer-reviewed publications and multiple book chapters. His efforts have supported millions of dollars in research funding.<\/p>\n[\/et_pb_toggle][\/et_pb_column][\/et_pb_row][et_pb_row column_structure=\u00a0\u00bb1_4,3_4&Prime; _builder_version=\u00a0\u00bb4.20.0&Prime; _module_preset=\u00a0\u00bbdefault\u00a0\u00bb min_height=\u00a0\u00bb130.4px\u00a0\u00bb custom_padding=\u00a0\u00bb||0px|||\u00a0\u00bb global_colors_info=\u00a0\u00bb{}\u00a0\u00bb][et_pb_column type=\u00a0\u00bb1_4&Prime; _builder_version=\u00a0\u00bb4.20.0&Prime; _module_preset=\u00a0\u00bbdefault\u00a0\u00bb global_colors_info=\u00a0\u00bb{}\u00a0\u00bb][et_pb_blurb title=\u00a0\u00bb10:00&Prime; use_icon=\u00a0\u00bbon\u00a0\u00bb font_icon=\u00a0\u00bb&#x7d;||divi||400&Prime; icon_color=\u00a0\u00bb#a9aab7&Prime; icon_placement=\u00a0\u00bbleft\u00a0\u00bb image_icon_width=\u00a0\u00bb24px\u00a0\u00bb admin_label=\u00a0\u00bb10:00&Prime; _builder_version=\u00a0\u00bb4.20.0&Prime; header_font=\u00a0\u00bb|||on|||||\u00a0\u00bb header_font_size=\u00a0\u00bb14px\u00a0\u00bb header_letter_spacing=\u00a0\u00bb1px\u00a0\u00bb header_line_height=\u00a0\u00bb24px\u00a0\u00bb body_font=\u00a0\u00bb||||||||\u00a0\u00bb custom_margin=\u00a0\u00bb|||\u00a0\u00bb icon_font_size=\u00a0\u00bb24px\u00a0\u00bb global_colors_info=\u00a0\u00bb{}\u00a0\u00bb][\/et_pb_blurb][\/et_pb_column][et_pb_column type=\u00a0\u00bb3_4&Prime; _builder_version=\u00a0\u00bb4.20.0&Prime; _module_preset=\u00a0\u00bbdefault\u00a0\u00bb global_colors_info=\u00a0\u00bb{}\u00a0\u00bb][et_pb_text admin_label=\u00a0\u00bbby Martin Konrad\u00a0\u00bb _builder_version=\u00a0\u00bb4.20.0&Prime; text_font=\u00a0\u00bb||||||||\u00a0\u00bb link_font=\u00a0\u00bb||||||||\u00a0\u00bb link_text_color=\u00a0\u00bb#4646c4&Prime; header_font=\u00a0\u00bb||||||||\u00a0\u00bb header_3_font=\u00a0\u00bbMerriweather|700|||||||\u00a0\u00bb header_3_text_color=\u00a0\u00bb#4646c4&Prime; header_3_line_height=\u00a0\u00bb1.3em\u00a0\u00bb custom_margin=\u00a0\u00bb||20px|\u00a0\u00bb global_colors_info=\u00a0\u00bb{}\u00a0\u00bb]\n<h3>Clinical and molecular aspects of inherited hypomagnesemia<\/h3>\n[\/et_pb_text][et_pb_toggle title=\u00a0\u00bbMartin Konrad (M\u00fcnster Universit\u00e4t)\u00a0\u00bb open_toggle_text_color=\u00a0\u00bb#000000&Prime; closed_toggle_text_color=\u00a0\u00bb#000000&Prime; icon_color=\u00a0\u00bb#0C71C3&Prime; toggle_icon=\u00a0\u00bb&#x54;||divi||400&Prime; use_icon_font_size=\u00a0\u00bbon\u00a0\u00bb icon_font_size=\u00a0\u00bb20px\u00a0\u00bb open_icon_color=\u00a0\u00bb#ffffff\u00a0\u00bb _builder_version=\u00a0\u00bb4.20.0&Prime; _module_preset=\u00a0\u00bbdefault\u00a0\u00bb title_text_color=\u00a0\u00bb#000000&Prime; title_level=\u00a0\u00bbh1&Prime; title_font_size=\u00a0\u00bb16px\u00a0\u00bb closed_title_font_size=\u00a0\u00bb19px\u00a0\u00bb body_text_color=\u00a0\u00bb#000000&Prime; body_font_size=\u00a0\u00bb12px\u00a0\u00bb background_color=\u00a0\u00bb#e5e5e5&Prime; global_colors_info=\u00a0\u00bb{}\u00a0\u00bb]\n<p><img decoding=\"async\" class=\"wp-image-10991 alignnone size-full\" src=\"https:\/\/t-neph.cms2hset.org\/wp-content\/uploads\/2023\/12\/M.-Konrad.jpg\" alt=\"\" width=\"120\" height=\"181\" \/><br \/>Prof. Konrad&rsquo;s working group has represented a scientific focus on hereditary tubular kidney diseases for many years, combining clinical, genetic and physiological research activities. The members of the working group succeeded in identifying several genetic defects (TRPM6, digenic CLCNKA\/B mutations, CLDN19, KLHL3, CYP24A1) and in establishing clearly definable genotype-phenotype correlations.<\/p>\n<p>Between 1996 and 2000 these studies were carried out by the European Consortium for Bartter Syndrome. Prof. Konrad&rsquo;s working group oversees the world&rsquo;s largest patient collective for Barrter syndrome (&gt; 500 patients), which represents an optimal basis for further successful scientific projects.<\/p>\n[\/et_pb_toggle][\/et_pb_column][\/et_pb_row][et_pb_row column_structure=\u00a0\u00bb1_3,1_3,1_3&Prime; _builder_version=\u00a0\u00bb4.20.0&Prime; _module_preset=\u00a0\u00bbdefault\u00a0\u00bb custom_padding=\u00a0\u00bb||1px|||\u00a0\u00bb global_colors_info=\u00a0\u00bb{}\u00a0\u00bb][et_pb_column type=\u00a0\u00bb1_3&Prime; _builder_version=\u00a0\u00bb4.20.0&Prime; _module_preset=\u00a0\u00bbdefault\u00a0\u00bb global_colors_info=\u00a0\u00bb{}\u00a0\u00bb][et_pb_text admin_label=\u00a0\u00bbCoffee break\u00a0\u00bb _builder_version=\u00a0\u00bb4.20.0&Prime; text_font=\u00a0\u00bb||||||||\u00a0\u00bb link_font=\u00a0\u00bb||||||||\u00a0\u00bb link_text_color=\u00a0\u00bb#4646c4&Prime; header_font=\u00a0\u00bb||||||||\u00a0\u00bb header_line_height=\u00a0\u00bb2em\u00a0\u00bb header_3_font=\u00a0\u00bbMerriweather|700|||||||\u00a0\u00bb header_3_text_color=\u00a0\u00bb#4646c4&Prime; header_3_line_height=\u00a0\u00bb1.3em\u00a0\u00bb custom_margin=\u00a0\u00bb||20px|\u00a0\u00bb global_colors_info=\u00a0\u00bb{}\u00a0\u00bb]\n<h2><em><strong><font color=\"green\">10:30 &#8211; 11:00\u00a0 \u00a0 Coffee break<\/font><\/strong><\/em><\/h2>\n[\/et_pb_text][\/et_pb_column][et_pb_column type=\u00a0\u00bb1_3&Prime; _builder_version=\u00a0\u00bb4.20.0&Prime; _module_preset=\u00a0\u00bbdefault\u00a0\u00bb global_colors_info=\u00a0\u00bb{}\u00a0\u00bb][\/et_pb_column][et_pb_column type=\u00a0\u00bb1_3&Prime; _builder_version=\u00a0\u00bb4.20.0&Prime; _module_preset=\u00a0\u00bbdefault\u00a0\u00bb global_colors_info=\u00a0\u00bb{}\u00a0\u00bb][\/et_pb_column][\/et_pb_row][et_pb_row column_structure=\u00a0\u00bb1_4,3_4&Prime; admin_label=\u00a0\u00bbBlue line\u00a0\u00bb _builder_version=\u00a0\u00bb4.20.0&Prime; min_height=\u00a0\u00bb53.1px\u00a0\u00bb custom_padding=\u00a0\u00bb10px|0px|0px|0px||\u00a0\u00bb border_color_all=\u00a0\u00bb#4646c4&Prime; border_width_bottom=\u00a0\u00bb3px\u00a0\u00bb locked=\u00a0\u00bboff\u00a0\u00bb collapsed=\u00a0\u00bbon\u00a0\u00bb global_colors_info=\u00a0\u00bb{}\u00a0\u00bb][et_pb_column type=\u00a0\u00bb1_4&Prime; _builder_version=\u00a0\u00bb4.16&Prime; custom_padding=\u00a0\u00bb|||\u00a0\u00bb global_colors_info=\u00a0\u00bb{}\u00a0\u00bb custom_padding__hover=\u00a0\u00bb|||\u00a0\u00bb][et_pb_text admin_label=\u00a0\u00bbAfternoon\u00a0\u00bb _builder_version=\u00a0\u00bb4.20.0&Prime; _module_preset=\u00a0\u00bbdefault\u00a0\u00bb global_colors_info=\u00a0\u00bb{}\u00a0\u00bb]\n<h1>Afternoon<\/h1>\n[\/et_pb_text][\/et_pb_column][et_pb_column type=\u00a0\u00bb3_4&Prime; _builder_version=\u00a0\u00bb4.20.0&Prime; _module_preset=\u00a0\u00bbdefault\u00a0\u00bb global_colors_info=\u00a0\u00bb{}\u00a0\u00bb][\/et_pb_column][\/et_pb_row][et_pb_row _builder_version=\u00a0\u00bb4.20.0&Prime; _module_preset=\u00a0\u00bbdefault\u00a0\u00bb min_height=\u00a0\u00bb73.8px\u00a0\u00bb custom_padding=\u00a0\u00bb||1px|||\u00a0\u00bb global_colors_info=\u00a0\u00bb{}\u00a0\u00bb][et_pb_column type=\u00a0\u00bb4_4&Prime; _builder_version=\u00a0\u00bb4.20.0&Prime; _module_preset=\u00a0\u00bbdefault\u00a0\u00bb global_colors_info=\u00a0\u00bb{}\u00a0\u00bb][et_pb_text admin_label=\u00a0\u00bbSession 2: Rare diseases 2&Prime; _builder_version=\u00a0\u00bb4.20.0&Prime; _module_preset=\u00a0\u00bbdefault\u00a0\u00bb global_colors_info=\u00a0\u00bb{}\u00a0\u00bb content__hover_enabled=\u00a0\u00bbon|desktop\u00a0\u00bb content__hover=\u00a0\u00bb<big><strong><em>9:30-11:00  Session  Kidney development and congenital anomalies<\/em><\/strong><\/big>\u00ab\u00a0]\n<h2><big><big><strong><em>11:00\u00a0 \u00a0Session 2\u2192 Rare diseases<\/em><\/strong><\/big><\/big><\/h2>\n<h4><big><big><em>Chair: Bruno Vogt (University of Bern, Switzerland)<\/em><\/big><\/big><\/h4>\n[\/et_pb_text][\/et_pb_column][\/et_pb_row][et_pb_row column_structure=\u00a0\u00bb1_4,3_4&Prime; _builder_version=\u00a0\u00bb4.20.0&Prime; _module_preset=\u00a0\u00bbdefault\u00a0\u00bb custom_margin=\u00a0\u00bb|auto|-38px|auto||\u00a0\u00bb global_colors_info=\u00a0\u00bb{}\u00a0\u00bb][et_pb_column type=\u00a0\u00bb1_4&Prime; _builder_version=\u00a0\u00bb4.20.0&Prime; _module_preset=\u00a0\u00bbdefault\u00a0\u00bb global_colors_info=\u00a0\u00bb{}\u00a0\u00bb][et_pb_blurb title=\u00a0\u00bb11:00&Prime; use_icon=\u00a0\u00bbon\u00a0\u00bb font_icon=\u00a0\u00bb&#x7d;||divi||400&Prime; icon_color=\u00a0\u00bb#a9aab7&Prime; icon_placement=\u00a0\u00bbleft\u00a0\u00bb image_icon_width=\u00a0\u00bb24px\u00a0\u00bb admin_label=\u00a0\u00bb11:00&Prime; _builder_version=\u00a0\u00bb4.20.0&Prime; header_font=\u00a0\u00bb|||on|||||\u00a0\u00bb header_font_size=\u00a0\u00bb14px\u00a0\u00bb header_letter_spacing=\u00a0\u00bb1px\u00a0\u00bb header_line_height=\u00a0\u00bb24px\u00a0\u00bb body_font=\u00a0\u00bb||||||||\u00a0\u00bb custom_margin=\u00a0\u00bb|||\u00a0\u00bb icon_font_size=\u00a0\u00bb24px\u00a0\u00bb global_colors_info=\u00a0\u00bb{}\u00a0\u00bb][\/et_pb_blurb][\/et_pb_column][et_pb_column type=\u00a0\u00bb3_4&Prime; _builder_version=\u00a0\u00bb4.20.0&Prime; _module_preset=\u00a0\u00bbdefault\u00a0\u00bb global_colors_info=\u00a0\u00bb{}\u00a0\u00bb][et_pb_text admin_label=\u00a0\u00bbMario Bianchetti\u00a0\u00bb _builder_version=\u00a0\u00bb4.20.0&Prime; text_font=\u00a0\u00bb||||||||\u00a0\u00bb link_font=\u00a0\u00bb||||||||\u00a0\u00bb link_text_color=\u00a0\u00bb#4646c4&Prime; header_font=\u00a0\u00bb||||||||\u00a0\u00bb header_3_font=\u00a0\u00bbMerriweather|700|||||||\u00a0\u00bb header_3_text_color=\u00a0\u00bb#4646c4&Prime; header_3_line_height=\u00a0\u00bb1.3em\u00a0\u00bb custom_margin=\u00a0\u00bb||20px|\u00a0\u00bb global_colors_info=\u00a0\u00bb{}\u00a0\u00bb]\n<h3>The continuing puzzle of congenital salt-losing tubulopathies<\/h3>\n[\/et_pb_text][et_pb_toggle title=\u00a0\u00bbMario Bianchetti (Universita della Svizzera Italiana)\u00a0\u00bb open_toggle_text_color=\u00a0\u00bb#000000&Prime; closed_toggle_text_color=\u00a0\u00bb#000000&Prime; icon_color=\u00a0\u00bb#0C71C3&Prime; toggle_icon=\u00a0\u00bb&#x54;||divi||400&Prime; use_icon_font_size=\u00a0\u00bbon\u00a0\u00bb icon_font_size=\u00a0\u00bb20px\u00a0\u00bb open_icon_color=\u00a0\u00bb#ffffff\u00a0\u00bb _builder_version=\u00a0\u00bb4.20.0&Prime; _module_preset=\u00a0\u00bbdefault\u00a0\u00bb title_text_color=\u00a0\u00bb#000000&Prime; title_level=\u00a0\u00bbh1&Prime; title_font_size=\u00a0\u00bb16px\u00a0\u00bb closed_title_font_size=\u00a0\u00bb19px\u00a0\u00bb body_text_color=\u00a0\u00bb#000000&Prime; body_font_size=\u00a0\u00bb12px\u00a0\u00bb background_color=\u00a0\u00bb#e5e5e5&Prime; global_colors_info=\u00a0\u00bb{}\u00a0\u00bb]\n<p><img loading=\"lazy\" decoding=\"async\" class=\"wp-image-10988 alignnone size-medium\" src=\"https:\/\/t-neph.cms2hset.org\/wp-content\/uploads\/2023\/12\/mario-bianchetti-300x300.jpg\" alt=\"\" width=\"200\" height=\"200\" srcset=\"https:\/\/t-neph.cms2hset.org\/wp-content\/uploads\/2023\/12\/mario-bianchetti-300x300.jpg 300w, https:\/\/t-neph.cms2hset.org\/wp-content\/uploads\/2023\/12\/mario-bianchetti-150x150.jpg 150w, https:\/\/t-neph.cms2hset.org\/wp-content\/uploads\/2023\/12\/mario-bianchetti.jpg 360w\" sizes=\"(max-width: 200px) 100vw, 200px\" \/><br \/>Prof. em. Dr. med. Mario Bianchetti (1949), former Dean of the Faculty of Biomedical Sciences, was Head of Pediatrics at the Regional Hospital of Bellinzona and Valli and Director of the Department of Paediatrics of the Italian Switzerland. He graduated from the University of Bern and then specialised first in paediatrics and nephrology.<\/p>\n<p>His research activity focuses on renal metabolism of pH, magnesium and potassium, leucocytoclastic vasculitis, pharmacological treatment of urinary tract infections, genesis and treatment and arterial hypertension, rare side effects of pharmacotherapy, vitamin D metabolism and its replacement. Finally, he is interested in the symptomatic treatment of fever.<\/p>\n<p>Mario Bianchetti was nominated PD by the University of Bern in 1992 and associate professor in 1998. Mario Bianchetti has been Dean of the Faculty of Biomedical Sciences at USI since 2015.<\/p>\n[\/et_pb_toggle][\/et_pb_column][\/et_pb_row][et_pb_row column_structure=\u00a0\u00bb1_4,3_4&Prime; _builder_version=\u00a0\u00bb4.20.0&Prime; _module_preset=\u00a0\u00bbdefault\u00a0\u00bb min_height=\u00a0\u00bb141.4px\u00a0\u00bb custom_margin=\u00a0\u00bb|auto|-40px|auto||\u00a0\u00bb custom_padding=\u00a0\u00bb||0px|||\u00a0\u00bb global_colors_info=\u00a0\u00bb{}\u00a0\u00bb][et_pb_column type=\u00a0\u00bb1_4&Prime; _builder_version=\u00a0\u00bb4.20.0&Prime; _module_preset=\u00a0\u00bbdefault\u00a0\u00bb global_colors_info=\u00a0\u00bb{}\u00a0\u00bb][et_pb_blurb title=\u00a0\u00bb11:30&Prime; use_icon=\u00a0\u00bbon\u00a0\u00bb font_icon=\u00a0\u00bb&#x7d;||divi||400&Prime; icon_color=\u00a0\u00bb#a9aab7&Prime; icon_placement=\u00a0\u00bbleft\u00a0\u00bb image_icon_width=\u00a0\u00bb24px\u00a0\u00bb admin_label=\u00a0\u00bb11:30&Prime; _builder_version=\u00a0\u00bb4.20.0&Prime; header_font=\u00a0\u00bb|||on|||||\u00a0\u00bb header_font_size=\u00a0\u00bb14px\u00a0\u00bb header_letter_spacing=\u00a0\u00bb1px\u00a0\u00bb header_line_height=\u00a0\u00bb24px\u00a0\u00bb body_font=\u00a0\u00bb||||||||\u00a0\u00bb custom_margin=\u00a0\u00bb|||\u00a0\u00bb icon_font_size=\u00a0\u00bb24px\u00a0\u00bb global_colors_info=\u00a0\u00bb{}\u00a0\u00bb][\/et_pb_blurb][\/et_pb_column][et_pb_column type=\u00a0\u00bb3_4&Prime; _builder_version=\u00a0\u00bb4.20.0&Prime; _module_preset=\u00a0\u00bbdefault\u00a0\u00bb global_colors_info=\u00a0\u00bb{}\u00a0\u00bb][et_pb_text admin_label=\u00a0\u00bbPierre Cochat\u00a0\u00bb _builder_version=\u00a0\u00bb4.20.0&Prime; text_font=\u00a0\u00bb||||||||\u00a0\u00bb link_font=\u00a0\u00bb||||||||\u00a0\u00bb link_text_color=\u00a0\u00bb#4646c4&Prime; header_font=\u00a0\u00bb||||||||\u00a0\u00bb header_3_font=\u00a0\u00bbMerriweather|700|||||||\u00a0\u00bb header_3_text_color=\u00a0\u00bb#4646c4&Prime; header_3_line_height=\u00a0\u00bb1.3em\u00a0\u00bb custom_margin=\u00a0\u00bb||20px|\u00a0\u00bb global_colors_info=\u00a0\u00bb{}\u00a0\u00bb]\n<h3>Primary hyperoxaluria<\/h3>\n[\/et_pb_text][et_pb_toggle title=\u00a0\u00bbPierre Cochat (Universit\u00e9 de Lyon)\u00a0\u00bb open_toggle_text_color=\u00a0\u00bb#000000&Prime; closed_toggle_text_color=\u00a0\u00bb#000000&Prime; icon_color=\u00a0\u00bb#0C71C3&Prime; toggle_icon=\u00a0\u00bb&#x54;||divi||400&Prime; use_icon_font_size=\u00a0\u00bbon\u00a0\u00bb icon_font_size=\u00a0\u00bb20px\u00a0\u00bb open_icon_color=\u00a0\u00bb#ffffff\u00a0\u00bb _builder_version=\u00a0\u00bb4.20.0&Prime; _module_preset=\u00a0\u00bbdefault\u00a0\u00bb title_text_color=\u00a0\u00bb#000000&Prime; title_level=\u00a0\u00bbh1&Prime; title_font_size=\u00a0\u00bb16px\u00a0\u00bb closed_title_font_size=\u00a0\u00bb19px\u00a0\u00bb body_text_color=\u00a0\u00bb#000000&Prime; body_font_size=\u00a0\u00bb12px\u00a0\u00bb background_color=\u00a0\u00bb#e5e5e5&Prime; global_colors_info=\u00a0\u00bb{}\u00a0\u00bb]\n<p><img loading=\"lazy\" decoding=\"async\" class=\"wp-image-10139 alignnone size-medium\" src=\"https:\/\/t-neph.cms2hset.org\/wp-content\/uploads\/2023\/06\/Cochat-233x300.jpg\" alt=\"\" width=\"200\" height=\"270\" \/><\/p>\n<p>Emeritus Professor of Pediatrics &#8211; University Claude Bernard University, Lyon<br \/>National Authority for Health (<em>Haute Autorit\u00e9 de sant\u00e9<\/em>) : Member of the governance, President of the Transparency Committee, Vice-president of the Vaccination Committee<br \/>Member of the <em>Acad\u00e9mie Nationale de M\u00e9decine (membre correspondant, 1\u00e8re division)<\/em><\/p>\n<p><strong>PAST POSITIONS<br \/><\/strong><strong>University<br \/><\/strong>Professor of Pediatrics &#8211; Claude Bernard University, Lyon (1994-2021)<br \/>Dean \u2013 Laennec Medical School, Claude Bernard University, Lyon (2006-2009)<br \/>President \u2013 <em>Comit\u00e9 de coordination des \u00e9tudes m\u00e9dicales<\/em>, Claude Bernard University, Lyon (2016-2020)<br \/><strong>Hospital<br \/><\/strong>Chair &#8211; Pediatric Nephrology Rheumatology and Dermatology Dept, <em>H\u00f4pital Femme Mere Enfant<\/em>, Lyon (2005-2019)<br \/>Coordinator &#8211; Reference Centre for Rare Renal Diseases <em>N\u00e9phrogones<\/em>, Lyon (2004-2020)<br \/>Coordinator \u2013 Pediatric kidney transplantation program, Lyon (1994-2020)<br \/>Chair \u2013 Department of Pediatrics and Pediatric Surgery, <em>Hospices Civils de Lyon<\/em> (2009-2016)<\/p>\n<p><strong>Scientific societies<br \/><\/strong>President \u2013 <em>Soci\u00e9t\u00e9 de n\u00e9phrologie p\u00e9diatrique <\/em>(2000-2003)<br \/>Secretary General \u2013 European Society for Pediatric Nephrology (2008-2012)<br \/>President \u2013 International Pediatric Nephrology Association (2013-2019)<\/p>\n<p><strong>University MENTORING<br \/><\/strong>Supervisor of 74 Clinical Research Fellows<br \/>Supervisor of 26 PhD<\/p>\n<p><strong>Teaching in Foreign Countries<br \/><\/strong>Algeria, Brazil, Cameroon, China, Croatia, Egypt, Haiti, India, Italy, Ivory Coast, Lebanon, Lithuania, Madagascar, Morocco, Nepal, Paraguay, Poland, Portugal, Russia, Serbia, Singapore, Slovakia, South Africa, Tunisia, United States of America, Vietnam.<\/p>\n<p><strong>MAIN FIELDS OF INVESTIGATION<br \/><\/strong>Inherited renal diseases (primary hyperoxaluria, cystinosis), Pediatric kidney transplantation, Pharmacology<\/p>\n<p><strong>Publications<\/strong>: 486 on PubMed, of which 335 in international peer-reviewed journals (H index 57)<br \/><strong>Textbooks<\/strong>: author of 132 chapters \u2013 editor\/co-editor of 11 textbooks<br \/><strong>Invited lectures:<\/strong> 533<br \/><strong>Communications at scientific meetings:<\/strong> 739<br \/><strong>President\/organiser of scientific meetings:<\/strong> 29<\/p>\n<div>\u00a0<\/div>\n[\/et_pb_toggle][\/et_pb_column][\/et_pb_row][et_pb_row column_structure=\u00a0\u00bb1_3,1_3,1_3&Prime; _builder_version=\u00a0\u00bb4.20.0&Prime; _module_preset=\u00a0\u00bbdefault\u00a0\u00bb custom_margin=\u00a0\u00bb|auto|-25px|auto||\u00a0\u00bb global_colors_info=\u00a0\u00bb{}\u00a0\u00bb][et_pb_column type=\u00a0\u00bb1_3&Prime; _builder_version=\u00a0\u00bb4.20.0&Prime; _module_preset=\u00a0\u00bbdefault\u00a0\u00bb global_colors_info=\u00a0\u00bb{}\u00a0\u00bb][et_pb_text admin_label=\u00a0\u00bbLunch\u00a0\u00bb _builder_version=\u00a0\u00bb4.20.0&Prime; text_font=\u00a0\u00bb||||||||\u00a0\u00bb link_font=\u00a0\u00bb||||||||\u00a0\u00bb link_text_color=\u00a0\u00bb#4646c4&Prime; header_font=\u00a0\u00bb||||||||\u00a0\u00bb header_line_height=\u00a0\u00bb2em\u00a0\u00bb header_3_font=\u00a0\u00bbMerriweather|700|||||||\u00a0\u00bb header_3_text_color=\u00a0\u00bb#4646c4&Prime; header_3_line_height=\u00a0\u00bb1.3em\u00a0\u00bb custom_margin=\u00a0\u00bb||20px|\u00a0\u00bb global_colors_info=\u00a0\u00bb{}\u00a0\u00bb]\n<h2><font color=\"green\"><em><strong>12:00 &#8211; 13:30\u00a0 \u00a0 Lunch<\/font><\/strong><\/em><\/h2>\n[\/et_pb_text][\/et_pb_column][et_pb_column type=\u00a0\u00bb1_3&Prime; _builder_version=\u00a0\u00bb4.20.0&Prime; _module_preset=\u00a0\u00bbdefault\u00a0\u00bb global_colors_info=\u00a0\u00bb{}\u00a0\u00bb][\/et_pb_column][et_pb_column type=\u00a0\u00bb1_3&Prime; _builder_version=\u00a0\u00bb4.20.0&Prime; _module_preset=\u00a0\u00bbdefault\u00a0\u00bb global_colors_info=\u00a0\u00bb{}\u00a0\u00bb][\/et_pb_column][\/et_pb_row][et_pb_row _builder_version=\u00a0\u00bb4.20.0&Prime; _module_preset=\u00a0\u00bbdefault\u00a0\u00bb global_colors_info=\u00a0\u00bb{}\u00a0\u00bb][et_pb_column type=\u00a0\u00bb4_4&Prime; _builder_version=\u00a0\u00bb4.20.0&Prime; _module_preset=\u00a0\u00bbdefault\u00a0\u00bb global_colors_info=\u00a0\u00bb{}\u00a0\u00bb][et_pb_divider color=\u00a0\u00bb#2136ef\u00a0\u00bb divider_weight=\u00a0\u00bb3px\u00a0\u00bb _builder_version=\u00a0\u00bb4.20.0&Prime; _module_preset=\u00a0\u00bbdefault\u00a0\u00bb locked=\u00a0\u00bboff\u00a0\u00bb global_colors_info=\u00a0\u00bb{}\u00a0\u00bb][\/et_pb_divider][\/et_pb_column][\/et_pb_row][et_pb_row _builder_version=\u00a0\u00bb4.20.0&Prime; _module_preset=\u00a0\u00bbdefault\u00a0\u00bb custom_margin=\u00a0\u00bb|auto|-55px|auto||\u00a0\u00bb global_colors_info=\u00a0\u00bb{}\u00a0\u00bb][et_pb_column type=\u00a0\u00bb4_4&Prime; _builder_version=\u00a0\u00bb4.20.0&Prime; _module_preset=\u00a0\u00bbdefault\u00a0\u00bb global_colors_info=\u00a0\u00bb{}\u00a0\u00bb][et_pb_text admin_label=\u00a0\u00bb9:30   Session 3\u2192 Kidney Development and Rare Diseases \u00a0\u00bb _builder_version=\u00a0\u00bb4.20.0&Prime; _module_preset=\u00a0\u00bbdefault\u00a0\u00bb global_colors_info=\u00a0\u00bb{}\u00a0\u00bb]\n<h2><big><big><strong><em>13:30\u00a0 \u00a0Session 3\u2192 Kidney Development and Rare Diseases\u00a0<\/em><\/strong><\/big><\/big><\/h2>\n<h4><big><big><em>Chair: Olivier Bonny (Universit\u00e9 de Fribourg)<\/em><\/big><\/big><\/h4>\n[\/et_pb_text][\/et_pb_column][\/et_pb_row][et_pb_row column_structure=\u00a0\u00bb1_4,3_4&Prime; _builder_version=\u00a0\u00bb4.20.0&Prime; _module_preset=\u00a0\u00bbdefault\u00a0\u00bb min_height=\u00a0\u00bb172.4px\u00a0\u00bb custom_margin=\u00a0\u00bb|auto|-57px|auto||\u00a0\u00bb global_colors_info=\u00a0\u00bb{}\u00a0\u00bb][et_pb_column type=\u00a0\u00bb1_4&Prime; _builder_version=\u00a0\u00bb4.20.0&Prime; _module_preset=\u00a0\u00bbdefault\u00a0\u00bb global_colors_info=\u00a0\u00bb{}\u00a0\u00bb][et_pb_blurb title=\u00a0\u00bb13:30&Prime; use_icon=\u00a0\u00bbon\u00a0\u00bb font_icon=\u00a0\u00bb&#x7d;||divi||400&Prime; icon_color=\u00a0\u00bb#a9aab7&Prime; icon_placement=\u00a0\u00bbleft\u00a0\u00bb image_icon_width=\u00a0\u00bb24px\u00a0\u00bb admin_label=\u00a0\u00bb13:30 \u00a0\u00bb _builder_version=\u00a0\u00bb4.20.0&Prime; header_font=\u00a0\u00bb|||on|||||\u00a0\u00bb header_font_size=\u00a0\u00bb14px\u00a0\u00bb header_letter_spacing=\u00a0\u00bb1px\u00a0\u00bb header_line_height=\u00a0\u00bb24px\u00a0\u00bb body_font=\u00a0\u00bb||||||||\u00a0\u00bb custom_margin=\u00a0\u00bb|||\u00a0\u00bb icon_font_size=\u00a0\u00bb24px\u00a0\u00bb global_colors_info=\u00a0\u00bb{}\u00a0\u00bb][\/et_pb_blurb][\/et_pb_column][et_pb_column type=\u00a0\u00bb3_4&Prime; _builder_version=\u00a0\u00bb4.20.0&Prime; _module_preset=\u00a0\u00bbdefault\u00a0\u00bb global_colors_info=\u00a0\u00bb{}\u00a0\u00bb][et_pb_text admin_label=\u00a0\u00bbFriedhelm Hildebrandt bis\u00a0\u00bb _builder_version=\u00a0\u00bb4.20.0&Prime; text_font=\u00a0\u00bb||||||||\u00a0\u00bb link_font=\u00a0\u00bb||||||||\u00a0\u00bb link_text_color=\u00a0\u00bb#4646c4&Prime; header_font=\u00a0\u00bb||||||||\u00a0\u00bb header_3_font=\u00a0\u00bbMerriweather|700|||||||\u00a0\u00bb header_3_text_color=\u00a0\u00bb#4646c4&Prime; header_3_line_height=\u00a0\u00bb1.3em\u00a0\u00bb custom_margin=\u00a0\u00bb||20px|\u00a0\u00bb global_colors_info=\u00a0\u00bb{}\u00a0\u00bb]\n<h3>From Renal Disease Gene Discovery to Personalized Medicine<\/h3>\n[\/et_pb_text][et_pb_toggle title=\u00a0\u00bbFriedhelm Hildebrandt (Boston)\u00a0\u00bb open_toggle_text_color=\u00a0\u00bb#000000&Prime; closed_toggle_text_color=\u00a0\u00bb#000000&Prime; icon_color=\u00a0\u00bb#0C71C3&Prime; toggle_icon=\u00a0\u00bb&#x54;||divi||400&Prime; use_icon_font_size=\u00a0\u00bbon\u00a0\u00bb icon_font_size=\u00a0\u00bb20px\u00a0\u00bb open_icon_color=\u00a0\u00bb#ffffff\u00a0\u00bb _builder_version=\u00a0\u00bb4.20.0&Prime; _module_preset=\u00a0\u00bbdefault\u00a0\u00bb title_text_color=\u00a0\u00bb#000000&Prime; title_level=\u00a0\u00bbh1&Prime; title_font_size=\u00a0\u00bb16px\u00a0\u00bb closed_title_font_size=\u00a0\u00bb19px\u00a0\u00bb body_text_color=\u00a0\u00bb#000000&Prime; body_font_size=\u00a0\u00bb12px\u00a0\u00bb background_color=\u00a0\u00bb#e5e5e5&Prime; global_colors_info=\u00a0\u00bb{}\u00a0\u00bb]\n<p><img loading=\"lazy\" decoding=\"async\" class=\"wp-image-10131 alignnone size-full\" src=\"https:\/\/t-neph.cms2hset.org\/wp-content\/uploads\/2023\/06\/Hildebrandt.png\" alt=\"\" width=\"140\" height=\"234\" \/><\/p>\n<div><a href=\"mailto:Friedhelm.Hildebrandt@childrens.harvard.edu\" target=\"_blank\" rel=\"noopener\">Friedhelm.Hildebrandt@<wbr \/>childrens.harvard.edu<\/a><\/div>\n<p>Dr. Hildebrandt is the William E. Harmon Professor at Harvard Medical School, and chief of the Division of Nephrology at Boston Children\u2019s Hospital.<br \/>His research work is concerned with the identification and functional characterization of single-gene causes of chronic diseases of the kidney, the eye and the auditory system in children. His group has developed high-throughput sequencing approaches, identified 80 novel disease genes, of the currently 240 known monogenic causes of chronic kidney disease.<br \/>When studying the function of these newly identified disease genes in models of mice, zebrafish and drosophila, as well as in cell-based systems they discovered multiple novel pathogenic mechanisms of kidney disease. For instance, his lab discovered that DNA damage repair plays a role in the pathogenesis of organ fibrosis (Chaki et al. Cell 150:533-48, 2012; Zhou et al., Nat Genet 44:910-15; editorial p. 836-8).<br \/>Dr. Hildebrandt\u2019s work interphases with 200 nephrologists and 10,000 patient families worldwide. The research work of his lab has been supported by grants from the NIH, a grant as a Doris Duke Distinguished Clinical Scientist, the March of Dimes, and the Thrasher Research Foundation.His work has been <strong>published<\/strong>\u00a0in over 380 original publications.<\/p>\n<p><a href=\"http:\/\/www.ncbi.nlm.nih.gov\/pubmed\/?term=hildebrandt+f+AND+(Nat+Genet%5Bta%5D+OR+Nature%5Bta%5D+OR+Cell%5Bta%5D+OR+JCI%5Bta%5D)\">http:\/\/www.ncbi.nlm.nih.gov\/pubmed\/?term=hildebrandt+f+AND+(Nat+Genet%5Bta%5D+OR+Nature%5Bta%5D+OR+Cell%5Bta%5D+OR+JCI%5Bta%5D)<\/a><\/p>\n<p>Dr. Hildebrandt is a member of the National Academy of Medicine (NAM\/IOM) USA, of the German National Academy of Science, and he is an alumnus Investigator of the Howard Hughes Medical Institute (HHMI).<br \/>He received the Homer Smith Award for Research in Nephrology (ASN), the Alfred N. Richards Award (ISN), as well as the Mead E. Johnson Award for Pediatric Research from the Pediatric Research Societies. He has trained over 100 clinician scientists.<\/p>\n<p>&nbsp;<\/p>\n<p>Patrick Niaudet is Emeritus Professor of Pediatrics at the University Paris-Descartes. He was head of the Pediatric Nephrology unit at the Necker-Enfants Malades Hospital in Paris, France (1999- 2011). After he graduated from medical school in Paris, he trained in basic immunology in Paris and in London at the Imperial Cancer Research Fund and in Pediatric Nephrology with Pierre Royer and Michel Broyer. He worked in the French medical research institute INSERM for several years with Ren\u00e9e Habib. In 1985, he became Michel Broyer\u2019s assistant, a well-known pediatric nephrologist at the Necker-Enfants Malades hospital. Patrick Niaudet has worked in close collaboration with Corinne Antignac on the genes implicated in several inherited renal diseases, including nephrotic syndrome. Patrick Niaudet has published over 330 peer-reviewed scientific articles, over 70 reviews and book chapters.<\/p>\n<p>Patrick Niaudet has been President of the ethical committee of the French Biomedicine Agency during 6 years (2012-2018). Since 2019, he is a member of the commettee for the evaluation of medicinal products at the Haute Autorit\u00e9 de Sant\u00e9.<br \/>Patrick Niaudet has been co-editor of three editions of the Pediatric Nephrology textbook, officially endorsed by IPNA.<br \/>Patrick Niaudet has served as Assistant Secretary of the European Society of Pediatric Nephrology (ESPN) (1989\u20131992) and Secretary General of the ESPN (1992-1997). He became a member of the International Pediatric Nephrology Association (IPNA) council in 1986 and served as Assistant Secretary of IPNA from 1992 to 1997. He was then Chairman du Continuous Medical Education Committee of IPNA until 2004. In 2016, together with Jean-Pierre Guignard, he received the Ira Greifer Award from IPNA.<br \/>Patrick Niaudet has been involved in several continuous medical education programs in Africa, Asia, Eastern Europe and Latin America.\u00a0 From 1995 to 2014, he was involved in a two-week annual teaching course in Vietnam. He developed a dialysis transplantation program and performed the first pediatric renal transplantations from living donors in Vietnam.<\/p>\n[\/et_pb_toggle][\/et_pb_column][\/et_pb_row][et_pb_row column_structure=\u00a0\u00bb1_4,3_4&Prime; _builder_version=\u00a0\u00bb4.20.0&Prime; _module_preset=\u00a0\u00bbdefault\u00a0\u00bb custom_margin=\u00a0\u00bb|auto|-41px|auto||\u00a0\u00bb global_colors_info=\u00a0\u00bb{}\u00a0\u00bb][et_pb_column type=\u00a0\u00bb1_4&Prime; _builder_version=\u00a0\u00bb4.20.0&Prime; _module_preset=\u00a0\u00bbdefault\u00a0\u00bb global_colors_info=\u00a0\u00bb{}\u00a0\u00bb][et_pb_blurb title=\u00a0\u00bb14:00&Prime; use_icon=\u00a0\u00bbon\u00a0\u00bb font_icon=\u00a0\u00bb&#x7d;||divi||400&Prime; icon_color=\u00a0\u00bb#a9aab7&Prime; icon_placement=\u00a0\u00bbleft\u00a0\u00bb image_icon_width=\u00a0\u00bb24px\u00a0\u00bb admin_label=\u00a0\u00bb14:00&Prime; _builder_version=\u00a0\u00bb4.20.0&Prime; header_font=\u00a0\u00bb|||on|||||\u00a0\u00bb header_font_size=\u00a0\u00bb14px\u00a0\u00bb header_letter_spacing=\u00a0\u00bb1px\u00a0\u00bb header_line_height=\u00a0\u00bb24px\u00a0\u00bb body_font=\u00a0\u00bb||||||||\u00a0\u00bb custom_margin=\u00a0\u00bb|||\u00a0\u00bb icon_font_size=\u00a0\u00bb24px\u00a0\u00bb global_colors_info=\u00a0\u00bb{}\u00a0\u00bb][\/et_pb_blurb][\/et_pb_column][et_pb_column type=\u00a0\u00bb3_4&Prime; _builder_version=\u00a0\u00bb4.20.0&Prime; _module_preset=\u00a0\u00bbdefault\u00a0\u00bb global_colors_info=\u00a0\u00bb{}\u00a0\u00bb][et_pb_text admin_label=\u00a0\u00bbNiaudet\u00a0\u00bb _builder_version=\u00a0\u00bb4.20.0&Prime; text_font=\u00a0\u00bb||||||||\u00a0\u00bb link_font=\u00a0\u00bb||||||||\u00a0\u00bb link_text_color=\u00a0\u00bb#4646c4&Prime; header_font=\u00a0\u00bb||||||||\u00a0\u00bb header_3_font=\u00a0\u00bbMerriweather|700|||||||\u00a0\u00bb header_3_text_color=\u00a0\u00bb#4646c4&Prime; header_3_line_height=\u00a0\u00bb1.3em\u00a0\u00bb custom_margin=\u00a0\u00bb||20px|\u00a0\u00bb link_option_url=\u00a0\u00bbhttps:\/\/t-neph.cms2hset.org\/JPG\/2023\/06\/29\/patrick-niaudet\/\u00a0\u00bb link_option_url_new_window=\u00a0\u00bbon\u00a0\u00bb global_colors_info=\u00a0\u00bb{}\u00a0\u00bb]\n<div>\n<div dir=\"ltr\">\n<h3>Cystinosis: from childhood to adulthood<\/h3>\n<\/div>\n<\/div>\n[\/et_pb_text][et_pb_toggle title=\u00a0\u00bbPatrick Niaudet (H\u00f4pital Necker, Paris)\u00a0\u00bb open_toggle_text_color=\u00a0\u00bb#000000&Prime; closed_toggle_text_color=\u00a0\u00bb#000000&Prime; icon_color=\u00a0\u00bb#0C71C3&Prime; toggle_icon=\u00a0\u00bb&#x54;||divi||400&Prime; use_icon_font_size=\u00a0\u00bbon\u00a0\u00bb icon_font_size=\u00a0\u00bb20px\u00a0\u00bb open_icon_color=\u00a0\u00bb#ffffff\u00a0\u00bb _builder_version=\u00a0\u00bb4.20.0&Prime; _module_preset=\u00a0\u00bbdefault\u00a0\u00bb title_text_color=\u00a0\u00bb#000000&Prime; title_level=\u00a0\u00bbh1&Prime; title_font_size=\u00a0\u00bb16px\u00a0\u00bb closed_title_font_size=\u00a0\u00bb19px\u00a0\u00bb body_text_color=\u00a0\u00bb#000000&Prime; body_font_size=\u00a0\u00bb12px\u00a0\u00bb background_color=\u00a0\u00bb#e5e5e5&Prime; global_colors_info=\u00a0\u00bb{}\u00a0\u00bb]\n<p><img loading=\"lazy\" decoding=\"async\" class=\"wp-image-10076 alignnone size-medium\" src=\"https:\/\/t-neph.cms2hset.org\/wp-content\/uploads\/2023\/06\/Pierre-Niaudet-210x300.jpg\" alt=\"\" width=\"210\" height=\"300\" srcset=\"https:\/\/t-neph.cms2hset.org\/wp-content\/uploads\/2023\/06\/Pierre-Niaudet-210x300.jpg 210w, https:\/\/t-neph.cms2hset.org\/wp-content\/uploads\/2023\/06\/Pierre-Niaudet.jpg 224w\" sizes=\"(max-width: 210px) 100vw, 210px\" \/><\/p>\n<div><a href=\"mailto:pniaudet@gmail.com\" target=\"_blank\" rel=\"noopener\">pniaudet@gmail.com<\/a><\/div>\n<p>Patrick Niaudet is Emeritus Professor of Pediatrics at the University Paris-Descartes. He was head of the Pediatric Nephrology unit at the Necker-Enfants Malades Hospital in Paris, France (1999- 2011). After he graduated from medical school in Paris, he trained in basic immunology in Paris and in London at the Imperial Cancer Research Fund and in Pediatric Nephrology with Pierre Royer and Michel Broyer. He worked in the French medical research institute INSERM for several years with Ren\u00e9e Habib. In 1985, he became Michel Broyer\u2019s assistant, a well-known pediatric nephrologist at the Necker-Enfants Malades hospital. Patrick Niaudet has worked in close collaboration with Corinne Antignac on the genes implicated in several inherited renal diseases, including nephrotic syndrome. Patrick Niaudet has published over 330 peer-reviewed scientific articles, over 70 reviews and book chapters.<\/p>\n<p>Patrick Niaudet has been President of the ethical committee of the French Biomedicine Agency during 6 years (2012-2018). Since 2019, he is a member of the commettee for the evaluation of medicinal products at the Haute Autorit\u00e9 de Sant\u00e9.<br \/>Patrick Niaudet has been co-editor of three editions of the Pediatric Nephrology textbook, officially endorsed by IPNA.<\/p>\n<p>Patrick Niaudet has served as Assistant Secretary of the European Society of Pediatric Nephrology (ESPN) (1989\u20131992) and Secretary General of the ESPN (1992-1997). He became a member of the International Pediatric Nephrology Association (IPNA) council in 1986 and served as Assistant Secretary of IPNA from 1992 to 1997. He was then Chairman du Continuous Medical Education Committee of IPNA until 2004. In 2016, together with Jean-Pierre Guignard, he received the Ira Greifer Award from IPNA.<\/p>\n<p>Patrick Niaudet has been involved in several continuous medical education programs in Africa, Asia, Eastern Europe and Latin America.\u00a0 From 1995 to 2014, he was involved in a two-week annual teaching course in Vietnam. He developed a dialysis transplantation program and performed the first pediatric renal transplantations from living donors in Vietnam.<\/p>\n<p>&nbsp;<\/p>\n<p>&nbsp;<\/p>\n<p>&nbsp;<\/p>\n[\/et_pb_toggle][\/et_pb_column][\/et_pb_row][et_pb_row column_structure=\u00a0\u00bb1_3,1_3,1_3&Prime; _builder_version=\u00a0\u00bb4.20.0&Prime; _module_preset=\u00a0\u00bbdefault\u00a0\u00bb custom_margin=\u00a0\u00bb|auto|-37px|auto||\u00a0\u00bb global_colors_info=\u00a0\u00bb{}\u00a0\u00bb][et_pb_column type=\u00a0\u00bb1_3&Prime; _builder_version=\u00a0\u00bb4.20.0&Prime; _module_preset=\u00a0\u00bbdefault\u00a0\u00bb global_colors_info=\u00a0\u00bb{}\u00a0\u00bb][et_pb_text admin_label=\u00a0\u00bb14:30 &#8211; 14:35   Mini break\u00a0\u00bb _builder_version=\u00a0\u00bb4.20.0&Prime; _module_preset=\u00a0\u00bbdefault\u00a0\u00bb locked=\u00a0\u00bboff\u00a0\u00bb global_colors_info=\u00a0\u00bb{}\u00a0\u00bb]\n<h2><em><strong><font color=\"green\">14:30 &#8211; 14:35\u00a0 \u00a0Mini break<\/font><\/strong><\/em><\/h2>\n[\/et_pb_text][\/et_pb_column][et_pb_column type=\u00a0\u00bb1_3&Prime; _builder_version=\u00a0\u00bb4.20.0&Prime; _module_preset=\u00a0\u00bbdefault\u00a0\u00bb global_colors_info=\u00a0\u00bb{}\u00a0\u00bb][\/et_pb_column][et_pb_column type=\u00a0\u00bb1_3&Prime; _builder_version=\u00a0\u00bb4.20.0&Prime; _module_preset=\u00a0\u00bbdefault\u00a0\u00bb global_colors_info=\u00a0\u00bb{}\u00a0\u00bb][\/et_pb_column][\/et_pb_row][et_pb_row _builder_version=\u00a0\u00bb4.20.0&Prime; _module_preset=\u00a0\u00bbdefault\u00a0\u00bb global_colors_info=\u00a0\u00bb{}\u00a0\u00bb][et_pb_column type=\u00a0\u00bb4_4&Prime; _builder_version=\u00a0\u00bb4.20.0&Prime; _module_preset=\u00a0\u00bbdefault\u00a0\u00bb global_colors_info=\u00a0\u00bb{}\u00a0\u00bb][et_pb_divider color=\u00a0\u00bb#2136ef\u00a0\u00bb divider_weight=\u00a0\u00bb3px\u00a0\u00bb _builder_version=\u00a0\u00bb4.20.0&Prime; _module_preset=\u00a0\u00bbdefault\u00a0\u00bb locked=\u00a0\u00bboff\u00a0\u00bb global_colors_info=\u00a0\u00bb{}\u00a0\u00bb][\/et_pb_divider][\/et_pb_column][\/et_pb_row][et_pb_row column_structure=\u00a0\u00bb1_4,3_4&Prime; admin_label=\u00a0\u00bb14:35&Prime; _builder_version=\u00a0\u00bb4.20.0&Prime; _module_preset=\u00a0\u00bbdefault\u00a0\u00bb background_color=\u00a0\u00bb#D2E4F9&Prime; global_colors_info=\u00a0\u00bb{}\u00a0\u00bb][et_pb_column type=\u00a0\u00bb1_4&Prime; _builder_version=\u00a0\u00bb4.20.0&Prime; _module_preset=\u00a0\u00bbdefault\u00a0\u00bb global_colors_info=\u00a0\u00bb{}\u00a0\u00bb][et_pb_blurb title=\u00a0\u00bb14:35&Prime; use_icon=\u00a0\u00bbon\u00a0\u00bb font_icon=\u00a0\u00bb&#x7d;||divi||400&Prime; icon_color=\u00a0\u00bb#a9aab7&Prime; icon_placement=\u00a0\u00bbleft\u00a0\u00bb image_icon_width=\u00a0\u00bb24px\u00a0\u00bb admin_label=\u00a0\u00bb14:35&Prime; _builder_version=\u00a0\u00bb4.20.0&Prime; header_font=\u00a0\u00bb|||on|||||\u00a0\u00bb header_font_size=\u00a0\u00bb14px\u00a0\u00bb header_letter_spacing=\u00a0\u00bb1px\u00a0\u00bb header_line_height=\u00a0\u00bb24px\u00a0\u00bb body_font=\u00a0\u00bb||||||||\u00a0\u00bb custom_margin=\u00a0\u00bb|||\u00a0\u00bb icon_font_size=\u00a0\u00bb24px\u00a0\u00bb locked=\u00a0\u00bboff\u00a0\u00bb global_colors_info=\u00a0\u00bb{}\u00a0\u00bb][\/et_pb_blurb][\/et_pb_column][et_pb_column type=\u00a0\u00bb3_4&Prime; _builder_version=\u00a0\u00bb4.20.0&Prime; _module_preset=\u00a0\u00bbdefault\u00a0\u00bb global_colors_info=\u00a0\u00bb{}\u00a0\u00bb][et_pb_text admin_label=\u00a0\u00bbState of the Art\u00a0\u00bb _builder_version=\u00a0\u00bb4.20.0&Prime; _module_preset=\u00a0\u00bbdefault\u00a0\u00bb locked=\u00a0\u00bboff\u00a0\u00bb global_colors_info=\u00a0\u00bb{}\u00a0\u00bb]\n<h2><big><big><em><strong>State of the Art Lecture (2)<\/strong><\/em><\/big><\/big><\/h2>\n<h4><big><big><em>Chair: Sophie de Seigneux (Universit\u00e9 de Gen\u00e8ve) et Bernard Rossier (Universit\u00e9 de Lausanne)<\/em><\/big><\/big><\/h4>\n[\/et_pb_text][et_pb_text admin_label=\u00a0\u00bbTitle \/ by RC\u00a0\u00bb _builder_version=\u00a0\u00bb4.20.0&Prime; text_font=\u00a0\u00bb||||||||\u00a0\u00bb link_font=\u00a0\u00bb||||||||\u00a0\u00bb link_text_color=\u00a0\u00bb#4646c4&Prime; header_font=\u00a0\u00bb||||||||\u00a0\u00bb header_3_font=\u00a0\u00bbMerriweather|700|||||||\u00a0\u00bb header_3_text_color=\u00a0\u00bb#4646c4&Prime; header_3_line_height=\u00a0\u00bb1.3em\u00a0\u00bb custom_margin=\u00a0\u00bb||20px|\u00a0\u00bb locked=\u00a0\u00bboff\u00a0\u00bb global_colors_info=\u00a0\u00bb{}\u00a0\u00bb]\n<h3>The Evolutionary Basis of Progressive Kidney Disease<\/h3>\n[\/et_pb_text][et_pb_toggle title=\u00a0\u00bbRobert Chevalier (University of Virginia)\u00a0\u00bb open_toggle_text_color=\u00a0\u00bb#000000&Prime; closed_toggle_text_color=\u00a0\u00bb#000000&Prime; icon_color=\u00a0\u00bb#0C71C3&Prime; toggle_icon=\u00a0\u00bb&#x54;||divi||400&Prime; use_icon_font_size=\u00a0\u00bbon\u00a0\u00bb icon_font_size=\u00a0\u00bb20px\u00a0\u00bb open_icon_color=\u00a0\u00bb#ffffff\u00a0\u00bb _builder_version=\u00a0\u00bb4.20.0&Prime; _module_preset=\u00a0\u00bbdefault\u00a0\u00bb title_text_color=\u00a0\u00bb#000000&Prime; title_level=\u00a0\u00bbh1&Prime; title_font_size=\u00a0\u00bb16px\u00a0\u00bb closed_title_font_size=\u00a0\u00bb19px\u00a0\u00bb body_text_color=\u00a0\u00bb#000000&Prime; body_font_size=\u00a0\u00bb12px\u00a0\u00bb background_color=\u00a0\u00bb#e5e5e5&Prime; locked=\u00a0\u00bboff\u00a0\u00bb global_colors_info=\u00a0\u00bb{}\u00a0\u00bb]<img loading=\"lazy\" decoding=\"async\" class=\"wp-image-10185 alignnone size-full\" src=\"https:\/\/t-neph.cms2hset.org\/wp-content\/uploads\/2023\/06\/Chevalier-1-e1688053905299.jpg\" alt=\"\" width=\"200\" height=\"250\" \/><\/p>\n<p><a href=\"mailto:RLC2M@hscmail.mcc.virginia.edu\" target=\"_blank\" rel=\"noopener\">RLC2M@hscmail.mcc.virginia.edu<\/a><\/p>\n<p>M.D. Professor Emeritus University of Virginia School of Medicine. Robert Chevalier was born in Chicago but was raised in Europe. He returned to the United States in 1962 and earned his BS in Zoology and MD degrees from the University of Chicago. He then completed pediatric residency and renal physiology fellowship at the University of North Carolina, Chapel Hill, and clinical pediatric nephrology fellowship at the University of Colorado. He spent the month of June, 1975, as a fellow with Jean-Pierre Guignard on the pediatric nephrology service at the CHUV, which started a close friendship that lasted nearly 50 years.<\/p>\n<p>He joined the faculty of the University of Virginia in 1978, where he established the Division of Pediatric Nephrology. The Division grew steadily, with additional faculty and expanding clinical, research, and fellowship programs. In 1992 he returned to Lausanne for a sabbatical year in the laboratory of Bernard Rossier, the beginning of another long friendship. In 1997 he was appointed Chair of the Department of Pediatrics, a position he held until 2010, when he returned to his laboratory full-time.<\/p>\n<p>He served as a member of the American Board of Pediatrics, Sub-board of Pediatric Nephrology, president of the American Society of Pediatric Nephrology, and councilor of the International Pediatric Nephrology Association. He continues to go back to his European roots, with frequent trips to Lausanne.<\/p>\n<p>A large part of his scientific career was devoted to the study of congenital urinary tract obstruction which accounts for most cases of renal insufficiency in the infant. Using cell culture techniques and experimental animal models of unilateral ureteral obstruction (UUO) , he demonstrated that compared to the adult, the neonatal kidney is more susceptible to the injurious effects of ureteral obstruction. he developed models of chronic partial UUO in the neonatal rat and mouse , and found that obstruction leads to cellular apoptosis and necrosis at the glomerulotubular junction and formation of atubular glomeruli.<br \/>\nRecently his interests have shifted towards the evolutionary aspects of kidney development.He retired as Professor Emeritus in 2014 after 36 years on faculty at the University of Virginia, during which he was continuously funded by the National Institutes of Health. He is the author of over 200 research papers and chapters. In his retirement, he continues to participate in international meetings, including those sponsored by the International Society for Evolution, Medicine, and Public Health of which he is a lifetime member.<\/p>\n<p>Chevalier, R. L. (2018). Evolution and Kidney Development: A Rosetta Stone for Nephrology.\u00a0<i>JOURNAL OF THE AMERICAN SOCIETY OF NEPHROLOGY<\/i>,\u00a0<i>29<\/i>(3), 706-709. doi:<a href=\"http:\/\/doi.org\/10.1681\/ASN.2018010013\">10.1681\/ASN.2018010013<\/a><br \/>\nCharlton, J. R., &amp; Chevalier, R. L. (2018). Developmental Origins of CKD: Big Problems From Small Packages.\u00a0<i>AMERICAN JOURNAL OF KIDNEY DISEASES<\/i>,\u00a0<i>71<\/i>(1), 3-5. doi:<a href=\"http:\/\/doi.org\/10.1053\/j.ajkd.2017.08.022\">10.1053\/j.ajkd.2017.08.022<\/a>[\/et_pb_toggle][\/et_pb_column][\/et_pb_row][et_pb_row _builder_version=\u00a0\u00bb4.20.0&Prime; _module_preset=\u00a0\u00bbdefault\u00a0\u00bb global_colors_info=\u00a0\u00bb{}\u00a0\u00bb][et_pb_column type=\u00a0\u00bb4_4&Prime; _builder_version=\u00a0\u00bb4.20.0&Prime; _module_preset=\u00a0\u00bbdefault\u00a0\u00bb global_colors_info=\u00a0\u00bb{}\u00a0\u00bb][et_pb_divider color=\u00a0\u00bb#2136ef\u00a0\u00bb divider_weight=\u00a0\u00bb3px\u00a0\u00bb _builder_version=\u00a0\u00bb4.20.0&Prime; _module_preset=\u00a0\u00bbdefault\u00a0\u00bb locked=\u00a0\u00bboff\u00a0\u00bb global_colors_info=\u00a0\u00bb{}\u00a0\u00bb][\/et_pb_divider][\/et_pb_column][\/et_pb_row][et_pb_row column_structure=\u00a0\u00bb1_3,1_3,1_3&Prime; _builder_version=\u00a0\u00bb4.20.0&Prime; _module_preset=\u00a0\u00bbdefault\u00a0\u00bb global_colors_info=\u00a0\u00bb{}\u00a0\u00bb][et_pb_column type=\u00a0\u00bb1_3&Prime; _builder_version=\u00a0\u00bb4.20.0&Prime; _module_preset=\u00a0\u00bbdefault\u00a0\u00bb global_colors_info=\u00a0\u00bb{}\u00a0\u00bb][et_pb_text admin_label=\u00a0\u00bb15:10 &#8211; 15:40    Coffee break\u00a0\u00bb _builder_version=\u00a0\u00bb4.20.0&Prime; text_font=\u00a0\u00bb||||||||\u00a0\u00bb link_font=\u00a0\u00bb||||||||\u00a0\u00bb link_text_color=\u00a0\u00bb#4646c4&Prime; header_font=\u00a0\u00bb||||||||\u00a0\u00bb header_line_height=\u00a0\u00bb2em\u00a0\u00bb header_3_font=\u00a0\u00bbMerriweather|700|||||||\u00a0\u00bb header_3_text_color=\u00a0\u00bb#4646c4&Prime; header_3_line_height=\u00a0\u00bb1.3em\u00a0\u00bb custom_margin=\u00a0\u00bb||20px|\u00a0\u00bb locked=\u00a0\u00bboff\u00a0\u00bb global_colors_info=\u00a0\u00bb{}\u00a0\u00bb]\n<h2><em><strong><font color=\"green\">15:10 &#8211; 15:40\u00a0 \u00a0 Coffee break<\/font><\/strong><\/em><\/h2>\n[\/et_pb_text][\/et_pb_column][et_pb_column type=\u00a0\u00bb1_3&Prime; _builder_version=\u00a0\u00bb4.20.0&Prime; _module_preset=\u00a0\u00bbdefault\u00a0\u00bb global_colors_info=\u00a0\u00bb{}\u00a0\u00bb][\/et_pb_column][et_pb_column type=\u00a0\u00bb1_3&Prime; _builder_version=\u00a0\u00bb4.20.0&Prime; _module_preset=\u00a0\u00bbdefault\u00a0\u00bb global_colors_info=\u00a0\u00bb{}\u00a0\u00bb][\/et_pb_column][\/et_pb_row][et_pb_row _builder_version=\u00a0\u00bb4.20.0&Prime; _module_preset=\u00a0\u00bbdefault\u00a0\u00bb custom_margin=\u00a0\u00bb|auto|-35px|auto||\u00a0\u00bb global_colors_info=\u00a0\u00bb{}\u00a0\u00bb][et_pb_column type=\u00a0\u00bb4_4&Prime; _builder_version=\u00a0\u00bb4.20.0&Prime; _module_preset=\u00a0\u00bbdefault\u00a0\u00bb global_colors_info=\u00a0\u00bb{}\u00a0\u00bb][et_pb_text admin_label=\u00a0\u00bbSession 4  JPG, a  pioneer\u00a0\u00bb _builder_version=\u00a0\u00bb4.20.0&Prime; text_font=\u00a0\u00bb||||||||\u00a0\u00bb link_font=\u00a0\u00bb||||||||\u00a0\u00bb link_text_color=\u00a0\u00bb#4646c4&Prime; header_font=\u00a0\u00bb||||||||\u00a0\u00bb header_3_font=\u00a0\u00bbMerriweather|700|||||||\u00a0\u00bb header_3_text_color=\u00a0\u00bb#4646c4&Prime; header_3_line_height=\u00a0\u00bb1.3em\u00a0\u00bb custom_margin=\u00a0\u00bb||20px|\u00a0\u00bb global_colors_info=\u00a0\u00bb{}\u00a0\u00bb]\n<h2><big><big><em><strong>15:40\u00a0 Session 4\u00a0 \u2192 Jean-Pierre Guignard, a pioneer in pediatric nephrology<\/strong><\/em><\/big><\/big><\/h2>\n<h4><big><big><em>Chair: jean-Fran\u00e7ois Tolsa and Jean-Marie Matthieu<\/em><\/big><\/big><\/h4>\n[\/et_pb_text][\/et_pb_column][\/et_pb_row][et_pb_row column_structure=\u00a0\u00bb1_4,3_4&Prime; _builder_version=\u00a0\u00bb4.20.0&Prime; _module_preset=\u00a0\u00bbdefault\u00a0\u00bb custom_padding=\u00a0\u00bb||0px|||\u00a0\u00bb global_colors_info=\u00a0\u00bb{}\u00a0\u00bb][et_pb_column type=\u00a0\u00bb1_4&Prime; _builder_version=\u00a0\u00bb4.20.0&Prime; _module_preset=\u00a0\u00bbdefault\u00a0\u00bb global_colors_info=\u00a0\u00bb{}\u00a0\u00bb][et_pb_blurb title=\u00a0\u00bb15:40&Prime; use_icon=\u00a0\u00bbon\u00a0\u00bb font_icon=\u00a0\u00bb&#x7d;||divi||400&Prime; icon_color=\u00a0\u00bb#a9aab7&Prime; icon_placement=\u00a0\u00bbleft\u00a0\u00bb image_icon_width=\u00a0\u00bb24px\u00a0\u00bb admin_label=\u00a0\u00bb15:40&Prime; _builder_version=\u00a0\u00bb4.20.0&Prime; header_font=\u00a0\u00bb|||on|||||\u00a0\u00bb header_font_size=\u00a0\u00bb14px\u00a0\u00bb header_letter_spacing=\u00a0\u00bb1px\u00a0\u00bb header_line_height=\u00a0\u00bb24px\u00a0\u00bb body_font=\u00a0\u00bb||||||||\u00a0\u00bb custom_margin=\u00a0\u00bb|||\u00a0\u00bb icon_font_size=\u00a0\u00bb24px\u00a0\u00bb global_colors_info=\u00a0\u00bb{}\u00a0\u00bb][\/et_pb_blurb][\/et_pb_column][et_pb_column type=\u00a0\u00bb3_4&Prime; _builder_version=\u00a0\u00bb4.20.0&Prime; _module_preset=\u00a0\u00bbdefault\u00a0\u00bb global_colors_info=\u00a0\u00bb{}\u00a0\u00bb][et_pb_text admin_label=\u00a0\u00bbHassib Chedade\u00a0\u00bb _builder_version=\u00a0\u00bb4.20.0&Prime; text_font=\u00a0\u00bb||||||||\u00a0\u00bb link_font=\u00a0\u00bb||||||||\u00a0\u00bb link_text_color=\u00a0\u00bb#4646c4&Prime; header_font=\u00a0\u00bb||||||||\u00a0\u00bb header_3_font=\u00a0\u00bbMerriweather|700|||||||\u00a0\u00bb header_3_text_color=\u00a0\u00bb#4646c4&Prime; header_3_line_height=\u00a0\u00bb1.3em\u00a0\u00bb custom_margin=\u00a0\u00bb||20px|\u00a0\u00bb global_colors_info=\u00a0\u00bb{}\u00a0\u00bb]\n<h3>50 years of renal transplantation in Lausanne: a brief history and an update on current achievements<\/h3>\n[\/et_pb_text][et_pb_toggle title=\u00a0\u00bbHassib Chedade  (Universit\u00e9 de Lausanne)\u00a0\u00bb open_toggle_text_color=\u00a0\u00bb#000000&Prime; closed_toggle_text_color=\u00a0\u00bb#000000&Prime; icon_color=\u00a0\u00bb#0C71C3&Prime; toggle_icon=\u00a0\u00bb&#x54;||divi||400&Prime; use_icon_font_size=\u00a0\u00bbon\u00a0\u00bb icon_font_size=\u00a0\u00bb20px\u00a0\u00bb open_icon_color=\u00a0\u00bb#ffffff\u00a0\u00bb _builder_version=\u00a0\u00bb4.20.0&Prime; _module_preset=\u00a0\u00bbdefault\u00a0\u00bb title_text_color=\u00a0\u00bb#000000&Prime; title_level=\u00a0\u00bbh1&Prime; title_font_size=\u00a0\u00bb16px\u00a0\u00bb closed_title_font_size=\u00a0\u00bb19px\u00a0\u00bb body_text_color=\u00a0\u00bb#000000&Prime; body_font_size=\u00a0\u00bb12px\u00a0\u00bb background_color=\u00a0\u00bb#e5e5e5&Prime; global_colors_info=\u00a0\u00bb{}\u00a0\u00bb]\n<p><img loading=\"lazy\" decoding=\"async\" class=\"wp-image-10321 alignnone \" src=\"https:\/\/t-neph.cms2hset.org\/wp-content\/uploads\/2023\/08\/Chedade.jpeg\" alt=\"\" width=\"143\" height=\"201\" \/><\/p>\n<p class=\"top-card-layout__headline break-words font-sans text-md leading-open text-color-text\">M.D., PD &amp; MER; Since 2008 &#8211; Head of the Pediatric Nephrology Unit and Laboratory at CHUV,<br \/>Assistant Physician (20%) for the Pediatric Nephrology Unit at HUG as part of the Vaud-Geneva collaboration<\/p>\n<p><strong>Areas of expertise<\/strong><br \/>Glomerular filtration rate and assessment of renal function in children<br \/>Renal transplantation in children<br \/>Nephrotic syndrome in children<br \/>Genetic kidney diseases in children<\/p>\n<p><strong>Research activity<br \/><\/strong>Assessment of graft renal function in children and adults: development of a unique and novel formula for estimating GFR<br \/>Etude de l\u2019effet d\u2019un traitement de Galactose sur une rechute d\u2019un syndrome n\u00e9phrotique idiopathique chez l\u2019enfant<br \/>sFRP1 as a molecular diagnostic tool in renal diseases<br \/>Prognostic value of renal tissue oxygenation on renal disease progression in patients with hypertension and renal disease<br \/>Relation entre la prot\u00e9inurie et l\u2019excr\u00e9tion du phosphate dans le syndrome n\u00e9phrotique de l\u2019enfant<br \/>Corr\u00e9lation de la Cystatine C et du NGAL avec la clairance \u00e0 l\u2019inuline pour \u00e9valuer la fonction r\u00e9nale des pr\u00e9matur\u00e9s et des nouveau-n\u00e9<br \/>Chronic Kidney Disease (CKD) and Glomerular filtration rate (GFR) determination in pediatric population: Sinistrin clearance measurement and GFR estimation<\/p>\n<p>Unit\u00e9 de p\u00e9diatrie n\u00e9phrologique,<br \/>Centre hospitalier universitaire vaudois<br \/>1011 Lausanne<br \/>hassib.chehade@chuv.ch<\/p>\n<div>\u00a0<\/div>\n[\/et_pb_toggle][\/et_pb_column][\/et_pb_row][et_pb_row column_structure=\u00a0\u00bb1_4,3_4&Prime; _builder_version=\u00a0\u00bb4.20.0&Prime; _module_preset=\u00a0\u00bbdefault\u00a0\u00bb custom_margin=\u00a0\u00bb|auto|-45px|auto||\u00a0\u00bb global_colors_info=\u00a0\u00bb{}\u00a0\u00bb][et_pb_column type=\u00a0\u00bb1_4&Prime; _builder_version=\u00a0\u00bb4.20.0&Prime; _module_preset=\u00a0\u00bbdefault\u00a0\u00bb global_colors_info=\u00a0\u00bb{}\u00a0\u00bb][et_pb_blurb title=\u00a0\u00bb16:05&Prime; use_icon=\u00a0\u00bbon\u00a0\u00bb font_icon=\u00a0\u00bb&#x7d;||divi||400&Prime; icon_color=\u00a0\u00bb#a9aab7&Prime; icon_placement=\u00a0\u00bbleft\u00a0\u00bb image_icon_width=\u00a0\u00bb24px\u00a0\u00bb admin_label=\u00a0\u00bb16:05&Prime; _builder_version=\u00a0\u00bb4.20.0&Prime; header_font=\u00a0\u00bb|||on|||||\u00a0\u00bb header_font_size=\u00a0\u00bb14px\u00a0\u00bb header_letter_spacing=\u00a0\u00bb1px\u00a0\u00bb header_line_height=\u00a0\u00bb24px\u00a0\u00bb body_font=\u00a0\u00bb||||||||\u00a0\u00bb custom_margin=\u00a0\u00bb|||\u00a0\u00bb icon_font_size=\u00a0\u00bb24px\u00a0\u00bb global_colors_info=\u00a0\u00bb{}\u00a0\u00bb][\/et_pb_blurb][\/et_pb_column][et_pb_column type=\u00a0\u00bb3_4&Prime; _builder_version=\u00a0\u00bb4.20.0&Prime; _module_preset=\u00a0\u00bbdefault\u00a0\u00bb global_colors_info=\u00a0\u00bb{}\u00a0\u00bb][et_pb_text admin_label=\u00a0\u00bbJean-Bernard Gouyon\u00a0\u00bb _builder_version=\u00a0\u00bb4.20.0&Prime; text_font=\u00a0\u00bb||||||||\u00a0\u00bb link_font=\u00a0\u00bb||||||||\u00a0\u00bb link_text_color=\u00a0\u00bb#4646c4&Prime; header_font=\u00a0\u00bb||||||||\u00a0\u00bb header_3_font=\u00a0\u00bbMerriweather|700|||||||\u00a0\u00bb header_3_text_color=\u00a0\u00bb#4646c4&Prime; header_3_line_height=\u00a0\u00bb1.3em\u00a0\u00bb custom_margin=\u00a0\u00bb||20px|\u00a0\u00bb custom_padding=\u00a0\u00bb0px|||||\u00a0\u00bb global_colors_info=\u00a0\u00bb{}\u00a0\u00bb]\n<h3>What sick newborns owe Jean-Pierre Guignard &#8230;<\/h3>\n[\/et_pb_text][et_pb_toggle title=\u00a0\u00bbJean-Bernard Gouyon (Universit\u00e9 de la R\u00e9union)\u00a0\u00bb open_toggle_text_color=\u00a0\u00bb#000000&Prime; closed_toggle_text_color=\u00a0\u00bb#000000&Prime; icon_color=\u00a0\u00bb#0C71C3&Prime; toggle_icon=\u00a0\u00bb&#x54;||divi||400&Prime; use_icon_font_size=\u00a0\u00bbon\u00a0\u00bb icon_font_size=\u00a0\u00bb20px\u00a0\u00bb open_icon_color=\u00a0\u00bb#ffffff\u00a0\u00bb _builder_version=\u00a0\u00bb4.20.0&Prime; _module_preset=\u00a0\u00bbdefault\u00a0\u00bb title_text_color=\u00a0\u00bb#000000&Prime; title_level=\u00a0\u00bbh1&Prime; title_font_size=\u00a0\u00bb16px\u00a0\u00bb closed_title_font_size=\u00a0\u00bb19px\u00a0\u00bb body_text_color=\u00a0\u00bb#000000&Prime; body_font_size=\u00a0\u00bb12px\u00a0\u00bb background_color=\u00a0\u00bb#e5e5e5&Prime; global_colors_info=\u00a0\u00bb{}\u00a0\u00bb]\n<p><img loading=\"lazy\" decoding=\"async\" class=\"wp-image-11107 alignnone \" src=\"https:\/\/t-neph.cms2hset.org\/wp-content\/uploads\/2024\/01\/Jean-Bernard-Gouyon-300x300.jpg\" alt=\"\" width=\"220\" height=\"220\" \/><\/p>\n<p>Emeritus Professor of Pediatrics &#8211;<br \/>Former Research Director of the \u00a0Centre d\u2019\u00c9tudes P\u00e9rinatales de l\u2019Oc\u00e9an Indien\u00a0University de la R\u00e9union, France<br \/>Former director of the \u00a0Centre d\u2019\u00c9tudes P\u00e9rinatales de l\u2019Oc\u00e9an Indien<\/p>\n<p><a href=\"mailto:jean-bernard.gouyon@univ-reunion.fr\">jean-bernard.gouyon@univ-reunion.fr<\/a><br \/><a href=\"tel:+262262528900\">02 62 52 89 00<\/a><\/p>\n<p>Early optimal parenteral nutrition and metabolic acidosis in very preterm infants<br \/>Francesco Bonsante , Jean-Bernard Gouyon , Pierre-Yves Robillard , B\u00e9atrice Gouyon , Silvia Iacobelli PLoS ONE, 2017, 12 (11), \u27e810.1371\/journal.pone.0186936\u27e9<\/p>\n<p>Respiratory morbidity of preterm infants of less than 33 weeks gestation without bronchopulmonary dysplasia: a 12-month follow-up of the CASTOR study cohort.<br \/>B Fauroux , Jean-Bernard Gouyon , J-C Roze , C Guillermet-Fromentin , I Glorieux , et al.<br \/>Epidemiology and Infection, 2013, 142 (07), pp.1362 &#8211; 1374. \u27e810.1017\/s0950268813001738\u27e9<\/p>\n<p>A Population-Based Study of Meconium Aspiration Syndrome in Neonates Born between 37 and 43 Weeks of Gestation Cyril Fischer , C. Rybakowski , Cyril Ferdynus , P. Sagot , Jean-Bernard Gouyon\u00a0International Journal of Pediatrics, 2012, 2012, pp.321545. \u27e810.1155\/2012\/321545\u27e9<\/p>\n<p>Antibiotics Prescription Over Three Years in a French Benchmarking Network of 23 Level 3 Neonatal Wards\u00a0S\u00e9verine Martin-Mons , Simon Lorrain , Silvia Iacobelli , B\u00e9atrice Gouyon , Jean-Bernard Gouyon\u00a0Frontiers in Pharmacology, 2021, 11, pp.585018. \u27e810.3389\/fphar.2020.585018\u27e9<\/p>\n<div>\u00a0<\/div>\n[\/et_pb_toggle][\/et_pb_column][\/et_pb_row][et_pb_row column_structure=\u00a0\u00bb1_4,3_4&Prime; _builder_version=\u00a0\u00bb4.20.0&Prime; _module_preset=\u00a0\u00bbdefault\u00a0\u00bb custom_padding=\u00a0\u00bb||0px|||\u00a0\u00bb global_colors_info=\u00a0\u00bb{}\u00a0\u00bb][et_pb_column type=\u00a0\u00bb1_4&Prime; _builder_version=\u00a0\u00bb4.20.0&Prime; _module_preset=\u00a0\u00bbdefault\u00a0\u00bb global_colors_info=\u00a0\u00bb{}\u00a0\u00bb][et_pb_blurb title=\u00a0\u00bb16:30&Prime; use_icon=\u00a0\u00bbon\u00a0\u00bb font_icon=\u00a0\u00bb&#x7d;||divi||400&Prime; icon_color=\u00a0\u00bb#a9aab7&Prime; icon_placement=\u00a0\u00bbleft\u00a0\u00bb image_icon_width=\u00a0\u00bb24px\u00a0\u00bb admin_label=\u00a0\u00bb16:30&Prime; _builder_version=\u00a0\u00bb4.20.0&Prime; header_font=\u00a0\u00bb|||on|||||\u00a0\u00bb header_font_size=\u00a0\u00bb14px\u00a0\u00bb header_letter_spacing=\u00a0\u00bb1px\u00a0\u00bb header_line_height=\u00a0\u00bb24px\u00a0\u00bb body_font=\u00a0\u00bb||||||||\u00a0\u00bb custom_margin=\u00a0\u00bb|||\u00a0\u00bb icon_font_size=\u00a0\u00bb24px\u00a0\u00bb global_colors_info=\u00a0\u00bb{}\u00a0\u00bb][\/et_pb_blurb][\/et_pb_column][et_pb_column type=\u00a0\u00bb3_4&Prime; _builder_version=\u00a0\u00bb4.20.0&Prime; _module_preset=\u00a0\u00bbdefault\u00a0\u00bb global_colors_info=\u00a0\u00bb{}\u00a0\u00bb][et_pb_text admin_label=\u00a0\u00bbby Vera de Matos Maillard\u00a0\u00bb _builder_version=\u00a0\u00bb4.20.0&Prime; text_font=\u00a0\u00bb||||||||\u00a0\u00bb link_font=\u00a0\u00bb||||||||\u00a0\u00bb link_text_color=\u00a0\u00bb#4646c4&Prime; header_font=\u00a0\u00bb||||||||\u00a0\u00bb header_3_font=\u00a0\u00bbMerriweather|700|||||||\u00a0\u00bb header_3_text_color=\u00a0\u00bb#4646c4&Prime; header_3_line_height=\u00a0\u00bb1.3em\u00a0\u00bb custom_margin=\u00a0\u00bb||20px|\u00a0\u00bb global_colors_info=\u00a0\u00bb{}\u00a0\u00bb]\n<h3>From kidney to gut: an unusual trajectory and exciting updates in pediatric gastroenterology<\/h3>\n[\/et_pb_text][et_pb_toggle title=\u00a0\u00bbVera de Matos Maillard (University of Pennsylvania)\u00a0\u00bb open_toggle_text_color=\u00a0\u00bb#000000&Prime; closed_toggle_text_color=\u00a0\u00bb#000000&Prime; icon_color=\u00a0\u00bb#0C71C3&Prime; toggle_icon=\u00a0\u00bb&#x54;||divi||400&Prime; use_icon_font_size=\u00a0\u00bbon\u00a0\u00bb icon_font_size=\u00a0\u00bb20px\u00a0\u00bb open_icon_color=\u00a0\u00bb#ffffff\u00a0\u00bb _builder_version=\u00a0\u00bb4.20.0&Prime; _module_preset=\u00a0\u00bbdefault\u00a0\u00bb title_text_color=\u00a0\u00bb#000000&Prime; title_level=\u00a0\u00bbh1&Prime; title_font_size=\u00a0\u00bb16px\u00a0\u00bb closed_title_font_size=\u00a0\u00bb19px\u00a0\u00bb body_text_color=\u00a0\u00bb#000000&Prime; body_font_size=\u00a0\u00bb12px\u00a0\u00bb background_color=\u00a0\u00bb#e5e5e5&Prime; global_colors_info=\u00a0\u00bb{}\u00a0\u00bb]\n<p><img loading=\"lazy\" decoding=\"async\" class=\"wp-image-11110 alignnone \" src=\"https:\/\/t-neph.cms2hset.org\/wp-content\/uploads\/2024\/01\/de-matos-maillard-vera-1-225x300.jpg\" alt=\"\" width=\"176\" height=\"235\" srcset=\"https:\/\/t-neph.cms2hset.org\/wp-content\/uploads\/2024\/01\/de-matos-maillard-vera-1-225x300.jpg 225w, https:\/\/t-neph.cms2hset.org\/wp-content\/uploads\/2024\/01\/de-matos-maillard-vera-1.jpg 240w\" sizes=\"(max-width: 176px) 100vw, 176px\" \/><br \/>Vera De Matos Maillard, MD, Assistant Professor at the University of Pennsylvania and Attending Physician with the Division of Pediatric Gastroenterology at the Children&rsquo;s Hospital of Philadelphia (CHOP).<br \/><strong>Areas of Expertise:<\/strong> General Gastroenterology, Hepatology and Nutrition, Eosinophilic Esophagitis, Inflammatory Bowel Disease, Endoscopy, Quality improvement of medical care.<\/p>\n<p>I am dedicated to maintaining a busy clinical activity in general gastroenterology with an interest in endoscopy, eosinophilic esophagitis, and inflammatory bowel disease. I am establishing an endoscopy teaching program for gastroenterology fellows at CHOP. My activities impact the care of many children with gastrointestinal and liver disorders and the training of 15 fellows every 3 years.<br \/>Prior to joining CHOP as a Clinical Assistant Professor in 2018, I trained in General Pediatrics in Switzerland and completed a Fellowship in Pediatric Gastroenterology at CHOP. I worked as an attending physician in Pediatric Gastroenterology at the University of Michigan, Mott Children\u2019s Hospital, where I acquired a vast experience in Gastroenterology and Hepatology in both outpatient and inpatient settings. At Michigan, I co-directed a comprehensive eosinophilic esophagitis clinic and developed deep expertise in the care of children with this disorder. I also actively participated in clinical research on inflammatory bowel disease.<br \/>Subsequently, I worked as an attending physician at the Children\u2019s Hospital of the University of Geneva, Switzerland, in the areas of Hepatology and Gastroenterology. Since joining CHOP in 2018, I have maintained a busy clinical practice in general Pediatric Gastroenterology, including a heavy emphasis on endoscopic procedures.<\/p>\n<p><strong>Publications<\/strong><\/p>\n<ol start=\"2012\">\n<li>Smith EA, Dillman JR, Adler J, <u>De Matos Maillard V<\/u>: MR Enterography of Extraluminal Manifestations of Inflammatory Bowel Disease in Children and Adolescents: Moving Beyond the Bowel Wall. <em>AJR Am J Roentgenol<\/em> 198(1): W38-45, Jan 2012.<\/li>\n<li>Dillman JR, Smith EA, Sanchez R, DiPietro MA, Fazeli Dehkordy S, Adler J, <u>De Matos Maillard V<\/u>, Khalatbari S, Davenport MS: Prospective cohort study of ultrasound; ultrasound and ultrasound; MR enterography agreement in the evaluation of pediatric small bowel Crohn disease. <em>Pediatr Radiol<\/em> 46(4): 490-7, Apr 2016.<\/li>\n<li>Dillman JR, Carlos RC, Smith EA, Davenport MS, <u>De Matos Maillard V<\/u>, Adler J: Relationship of Bowel MR Imaging to Health-related Quality of Life Measures in Newly Diagnosed Pediatric Small Bowel Crohn Disease. <em>Radiology<\/em> 280(2): 568-75, Aug 2016.<\/li>\n<li>Dillman JR, Dehkordy SF, Smith EA, DiPietro MA, Sanchez R, <u>De Matos Maillard V<\/u>, Adler J, Zhang B, Trout AT: Defining the ultrasound longitudinal history of newly diagnosed pediatric small bowel Crohn disease treated with infliximab and infliximab \u2013azathioprine combination therapy. <em>Pediatr Radiol<\/em> 10.1007\/s00247-017-3848-3, Apr 2017.<\/li>\n<\/ol>\n[\/et_pb_toggle][\/et_pb_column][\/et_pb_row][et_pb_row _builder_version=\u00a0\u00bb4.20.0&Prime; _module_preset=\u00a0\u00bbdefault\u00a0\u00bb global_colors_info=\u00a0\u00bb{}\u00a0\u00bb][et_pb_column type=\u00a0\u00bb4_4&Prime; _builder_version=\u00a0\u00bb4.20.0&Prime; _module_preset=\u00a0\u00bbdefault\u00a0\u00bb global_colors_info=\u00a0\u00bb{}\u00a0\u00bb][et_pb_text admin_label=\u00a0\u00bb16:55- 17:00   Minibreak\u00a0\u00bb _builder_version=\u00a0\u00bb4.20.0&Prime; text_font=\u00a0\u00bb||||||||\u00a0\u00bb link_font=\u00a0\u00bb||||||||\u00a0\u00bb link_text_color=\u00a0\u00bb#4646c4&Prime; header_font=\u00a0\u00bb||||||||\u00a0\u00bb header_line_height=\u00a0\u00bb2em\u00a0\u00bb header_3_font=\u00a0\u00bbMerriweather|700|||||||\u00a0\u00bb header_3_text_color=\u00a0\u00bb#4646c4&Prime; header_3_line_height=\u00a0\u00bb1.3em\u00a0\u00bb custom_margin=\u00a0\u00bb||20px|\u00a0\u00bb locked=\u00a0\u00bboff\u00a0\u00bb global_colors_info=\u00a0\u00bb{}\u00a0\u00bb]\n<h2><em><strong><span style=\"color: green;\">16:55 &#8211; 17:00\u00a0 \u00a0Minibreak<\/span><\/strong><\/em><\/h2>\n[\/et_pb_text][\/et_pb_column][\/et_pb_row][et_pb_row column_structure=\u00a0\u00bb1_4,3_4&Prime; _builder_version=\u00a0\u00bb4.20.0&Prime; _module_preset=\u00a0\u00bbdefault\u00a0\u00bb custom_margin=\u00a0\u00bb|auto|-43px|auto||\u00a0\u00bb global_colors_info=\u00a0\u00bb{}\u00a0\u00bb][et_pb_column type=\u00a0\u00bb1_4&Prime; _builder_version=\u00a0\u00bb4.20.0&Prime; _module_preset=\u00a0\u00bbdefault\u00a0\u00bb global_colors_info=\u00a0\u00bb{}\u00a0\u00bb][et_pb_blurb title=\u00a0\u00bb17:00&Prime; use_icon=\u00a0\u00bbon\u00a0\u00bb font_icon=\u00a0\u00bb&#x7d;||divi||400&Prime; icon_color=\u00a0\u00bb#a9aab7&Prime; icon_placement=\u00a0\u00bbleft\u00a0\u00bb image_icon_width=\u00a0\u00bb24px\u00a0\u00bb admin_label=\u00a0\u00bb17:25&Prime; _builder_version=\u00a0\u00bb4.20.0&Prime; header_font=\u00a0\u00bb|||on|||||\u00a0\u00bb header_font_size=\u00a0\u00bb14px\u00a0\u00bb header_letter_spacing=\u00a0\u00bb1px\u00a0\u00bb header_line_height=\u00a0\u00bb24px\u00a0\u00bb body_font=\u00a0\u00bb||||||||\u00a0\u00bb custom_margin=\u00a0\u00bb|||\u00a0\u00bb icon_font_size=\u00a0\u00bb24px\u00a0\u00bb global_colors_info=\u00a0\u00bb{}\u00a0\u00bb][\/et_pb_blurb][\/et_pb_column][et_pb_column type=\u00a0\u00bb3_4&Prime; _builder_version=\u00a0\u00bb4.20.0&Prime; _module_preset=\u00a0\u00bbdefault\u00a0\u00bb global_colors_info=\u00a0\u00bb{}\u00a0\u00bb][et_pb_text admin_label=\u00a0\u00bbAnita Truttmann\u00a0\u00bb _builder_version=\u00a0\u00bb4.20.0&Prime; text_font=\u00a0\u00bb||||||||\u00a0\u00bb link_font=\u00a0\u00bb||||||||\u00a0\u00bb link_text_color=\u00a0\u00bb#4646c4&Prime; header_font=\u00a0\u00bb||||||||\u00a0\u00bb header_3_font=\u00a0\u00bbMerriweather|700|||||||\u00a0\u00bb header_3_text_color=\u00a0\u00bb#4646c4&Prime; header_3_line_height=\u00a0\u00bb1.3em\u00a0\u00bb custom_margin=\u00a0\u00bb||20px|\u00a0\u00bb global_colors_info=\u00a0\u00bb{}\u00a0\u00bb]\n<h3>Is there a pilot in the plane?<\/h3>\n[\/et_pb_text][et_pb_toggle title=\u00a0\u00bbAnita Truttmann (Universit\u00e9 de Lausanne)\u00a0\u00bb open_toggle_text_color=\u00a0\u00bb#000000&Prime; closed_toggle_text_color=\u00a0\u00bb#000000&Prime; icon_color=\u00a0\u00bb#0C71C3&Prime; toggle_icon=\u00a0\u00bb&#x54;||divi||400&Prime; use_icon_font_size=\u00a0\u00bbon\u00a0\u00bb icon_font_size=\u00a0\u00bb20px\u00a0\u00bb open_icon_color=\u00a0\u00bb#ffffff\u00a0\u00bb _builder_version=\u00a0\u00bb4.20.0&Prime; _module_preset=\u00a0\u00bbdefault\u00a0\u00bb title_text_color=\u00a0\u00bb#000000&Prime; title_level=\u00a0\u00bbh1&Prime; title_font_size=\u00a0\u00bb16px\u00a0\u00bb closed_title_font_size=\u00a0\u00bb19px\u00a0\u00bb body_text_color=\u00a0\u00bb#000000&Prime; body_font_size=\u00a0\u00bb17px\u00a0\u00bb background_color=\u00a0\u00bb#e5e5e5&Prime; global_colors_info=\u00a0\u00bb{}\u00a0\u00bb]\n<p><img loading=\"lazy\" decoding=\"async\" class=\"wp-image-11109 alignnone size-full\" src=\"https:\/\/t-neph.cms2hset.org\/wp-content\/uploads\/2024\/01\/trut.jpeg\" alt=\"\" width=\"190\" height=\"179\" \/><\/p>\n<p>M\u00e9decin cheffe, Service de n\u00e9onatologie<br \/>Prof. Associ\u00e9, n\u00e9onatalogie et p\u00e9diatrie, FBM UNIL Lausanne<\/p>\n<div>An international reference in autophagic death in conditions of neonatal cerebral hypoxia-ischemia, Anita Truttmann is chief physician in the Neonatology Department of the CHUV. As such, it ensures the care and supervision of all at-risk newborns hospitalized there, with specific expertise concerning cerebral pathologies of the fetus and newborn. She was appointed associate professor at the Faculty of Biology and Medicine at UNIL on February 1, 2017.<br \/>Anita Truttmann&rsquo;s clinical responsibilities concern both full-term and premature babies who present with multiple pathologies, including respiratory, cerebral or infectious types. Added to this are procedures introduced by the neonatologist: imaging protocols during brain lesions, hypothermia treatment during neonatal asphyxia, integrated electroencephalogram protocols according to continuous aEEG amplitude and long-term monitoring of the child born extremely premature in collaboration with the CHUV Development Unit.<br \/>Anita Truttmann&rsquo;s line of research, conducted in collaboration with the Department of Fundamental Neurosciences as well as the Department of Radiology, is clearly defined in a translational orientation; it concerns brain development with imaging markers, as well as the marking of autophagy, a natural mechanism of neuronal degradation that is extremely activated in situations of cerebral asphyxia and can lead to neuronal death. Combining approaches using in vitro, animal models, MRI and autopsies, this work has been the subject of publications in prestigious scientific journals and has given rise to numerous thesis works, several of which have been distinguished by the FBM.<\/div>\n[\/et_pb_toggle][\/et_pb_column][\/et_pb_row][et_pb_row column_structure=\u00a0\u00bb1_4,3_4&Prime; _builder_version=\u00a0\u00bb4.20.0&Prime; _module_preset=\u00a0\u00bbdefault\u00a0\u00bb global_colors_info=\u00a0\u00bb{}\u00a0\u00bb][et_pb_column type=\u00a0\u00bb1_4&Prime; _builder_version=\u00a0\u00bb4.20.0&Prime; _module_preset=\u00a0\u00bbdefault\u00a0\u00bb global_colors_info=\u00a0\u00bb{}\u00a0\u00bb][et_pb_blurb title=\u00a0\u00bb17:10&Prime; use_icon=\u00a0\u00bbon\u00a0\u00bb font_icon=\u00a0\u00bb&#x7d;||divi||400&Prime; icon_color=\u00a0\u00bb#a9aab7&Prime; icon_placement=\u00a0\u00bbleft\u00a0\u00bb image_icon_width=\u00a0\u00bb24px\u00a0\u00bb admin_label=\u00a0\u00bb17:00&Prime; _builder_version=\u00a0\u00bb4.20.0&Prime; header_font=\u00a0\u00bb|||on|||||\u00a0\u00bb header_font_size=\u00a0\u00bb14px\u00a0\u00bb header_letter_spacing=\u00a0\u00bb1px\u00a0\u00bb header_line_height=\u00a0\u00bb24px\u00a0\u00bb body_font=\u00a0\u00bb||||||||\u00a0\u00bb custom_margin=\u00a0\u00bb|||\u00a0\u00bb icon_font_size=\u00a0\u00bb24px\u00a0\u00bb global_colors_info=\u00a0\u00bb{}\u00a0\u00bb][\/et_pb_blurb][\/et_pb_column][et_pb_column type=\u00a0\u00bb3_4&Prime; _builder_version=\u00a0\u00bb4.20.0&Prime; _module_preset=\u00a0\u00bbdefault\u00a0\u00bb global_colors_info=\u00a0\u00bb{}\u00a0\u00bb][et_pb_text admin_label=\u00a0\u00bbby Silvia Jacobelli\u00a0\u00bb _builder_version=\u00a0\u00bb4.20.0&Prime; text_font=\u00a0\u00bb||||||||\u00a0\u00bb link_font=\u00a0\u00bb||||||||\u00a0\u00bb link_text_color=\u00a0\u00bb#4646c4&Prime; header_font=\u00a0\u00bb||||||||\u00a0\u00bb header_3_font=\u00a0\u00bbMerriweather|700|||||||\u00a0\u00bb header_3_text_color=\u00a0\u00bb#4646c4&Prime; header_3_line_height=\u00a0\u00bb1.3em\u00a0\u00bb custom_margin=\u00a0\u00bb||20px|\u00a0\u00bb global_colors_info=\u00a0\u00bb{}\u00a0\u00bb]\n<h3>Early postnatal nutrition and renal consequences in very-low-birth weight infants<\/h3>\n[\/et_pb_text][et_pb_toggle title=\u00a0\u00bbSilvia Iacobelli (CHU de la R\u00e9union)\u00a0\u00bb open_toggle_text_color=\u00a0\u00bb#000000&Prime; closed_toggle_text_color=\u00a0\u00bb#000000&Prime; icon_color=\u00a0\u00bb#0C71C3&Prime; toggle_icon=\u00a0\u00bb&#x54;||divi||400&Prime; use_icon_font_size=\u00a0\u00bbon\u00a0\u00bb icon_font_size=\u00a0\u00bb20px\u00a0\u00bb open_icon_color=\u00a0\u00bb#ffffff\u00a0\u00bb _builder_version=\u00a0\u00bb4.20.0&Prime; _module_preset=\u00a0\u00bbdefault\u00a0\u00bb title_text_color=\u00a0\u00bb#000000&Prime; title_level=\u00a0\u00bbh1&Prime; title_font_size=\u00a0\u00bb16px\u00a0\u00bb closed_title_font_size=\u00a0\u00bb19px\u00a0\u00bb body_text_color=\u00a0\u00bb#000000&Prime; body_font_size=\u00a0\u00bb12px\u00a0\u00bb background_color=\u00a0\u00bb#e5e5e5&Prime; global_colors_info=\u00a0\u00bb{}\u00a0\u00bb]\n<p><img decoding=\"async\" class=\"wp-image-11039 alignnone size-medium\" src=\"https:\/\/t-neph.cms2hset.org\/wp-content\/uploads\/2023\/12\/Capture-decran-2023-12-29-a-16.30.24-276x300.png\" alt=\"\" width=\"200 height=\" \/><strong><br \/><\/strong>Silvia Iacobelli, Professeur des Universit\u00e9s &#8211; Praticien Hospitalier<br \/>Chef de Service R\u00e9animation N\u00e9onatale et P\u00e9diatrique, N\u00e9onatologie<br \/>CHU La R\u00e9union &#8211; Site Sud (Saint Pierre), France<br \/>Email: <a href=\"mailto:silvia.iacobelli@chu-reunion.fr\" target=\"_blank\" rel=\"noopener\">Silvia Iacobelli<\/a><\/p>\n<p>Dr Silvia Iacobelli is head of the NICU-PICU-Neonatology department at Reunion Island University Hospital (Saint Pierre, France) and coordinator of the paediatric resident\u2019s educational training program (Indian Ocean). She is also director of research unit at the Centre d\u2019Etudes P\u00e9rinatales de l\u2019Oc\u00e9an Indien (Reunion Island University, France).<\/p>\n<p>Dr Iacobelli received her medical degree from the Bari School of Medicine in Italy. Subsequently, she completed paediatric residency at both Bari and Strasbourg Universities. In 2013, she earned a PhD in epidemiology and public health from the Burgundy University (France) and became full professor of paediatrics in 2017. Her principal domains of interest are electrolyte and kidney balance, in relationship with enteral and parenteral nutrition. She has published more than 90 manuscripts and has an h-index of 27, according to Web of Science. Additionally, she has authored or co-authored several book chapters on kidney pathophysiology and electrolyte balance in neonates.<\/p>\n[\/et_pb_toggle][\/et_pb_column][\/et_pb_row][et_pb_row column_structure=\u00a0\u00bb1_4,3_4&Prime; _builder_version=\u00a0\u00bb4.20.0&Prime; _module_preset=\u00a0\u00bbdefault\u00a0\u00bb custom_padding=\u00a0\u00bb||0px|||\u00a0\u00bb global_colors_info=\u00a0\u00bb{}\u00a0\u00bb][et_pb_column type=\u00a0\u00bb1_4&Prime; _builder_version=\u00a0\u00bb4.20.0&Prime; _module_preset=\u00a0\u00bbdefault\u00a0\u00bb global_colors_info=\u00a0\u00bb{}\u00a0\u00bb][et_pb_blurb title=\u00a0\u00bb17:35&Prime; use_icon=\u00a0\u00bbon\u00a0\u00bb font_icon=\u00a0\u00bb&#x7d;||divi||400&Prime; icon_color=\u00a0\u00bb#a9aab7&Prime; icon_placement=\u00a0\u00bbleft\u00a0\u00bb image_icon_width=\u00a0\u00bb24px\u00a0\u00bb admin_label=\u00a0\u00bb17:35&Prime; _builder_version=\u00a0\u00bb4.20.0&Prime; header_font=\u00a0\u00bb|||on|||||\u00a0\u00bb header_font_size=\u00a0\u00bb14px\u00a0\u00bb header_letter_spacing=\u00a0\u00bb1px\u00a0\u00bb header_line_height=\u00a0\u00bb24px\u00a0\u00bb body_font=\u00a0\u00bb||||||||\u00a0\u00bb custom_margin=\u00a0\u00bb|||\u00a0\u00bb icon_font_size=\u00a0\u00bb24px\u00a0\u00bb global_colors_info=\u00a0\u00bb{}\u00a0\u00bb][\/et_pb_blurb][\/et_pb_column][et_pb_column type=\u00a0\u00bb3_4&Prime; _builder_version=\u00a0\u00bb4.20.0&Prime; _module_preset=\u00a0\u00bbdefault\u00a0\u00bb global_colors_info=\u00a0\u00bb{}\u00a0\u00bb][et_pb_text admin_label=\u00a0\u00bbCatherine Yzydorczyk\u00a0\u00bb _builder_version=\u00a0\u00bb4.20.0&Prime; text_font=\u00a0\u00bb||||||||\u00a0\u00bb link_font=\u00a0\u00bb||||||||\u00a0\u00bb link_text_color=\u00a0\u00bb#4646c4&Prime; header_font=\u00a0\u00bb||||||||\u00a0\u00bb header_3_font=\u00a0\u00bbMerriweather|700|||||||\u00a0\u00bb header_3_text_color=\u00a0\u00bb#4646c4&Prime; header_3_line_height=\u00a0\u00bb1.3em\u00a0\u00bb custom_margin=\u00a0\u00bb||20px|\u00a0\u00bb global_colors_info=\u00a0\u00bb{}\u00a0\u00bb]\n<h3>Developmental programming of cardiovascular and renal disorders in a rat model of intrauterine growth restriction: involvement of endothelial progenitor cell dysfunction<\/h3>\n[\/et_pb_text][et_pb_toggle title=\u00a0\u00bbCatherine Yzydorczyk (Universit\u00e9 de Lausanne)\u00a0\u00bb open_toggle_text_color=\u00a0\u00bb#000000&Prime; closed_toggle_text_color=\u00a0\u00bb#000000&Prime; icon_color=\u00a0\u00bb#0C71C3&Prime; toggle_icon=\u00a0\u00bb&#x54;||divi||400&Prime; use_icon_font_size=\u00a0\u00bbon\u00a0\u00bb icon_font_size=\u00a0\u00bb20px\u00a0\u00bb open_icon_color=\u00a0\u00bb#ffffff\u00a0\u00bb _builder_version=\u00a0\u00bb4.20.0&Prime; _module_preset=\u00a0\u00bbdefault\u00a0\u00bb title_text_color=\u00a0\u00bb#000000&Prime; title_level=\u00a0\u00bbh1&Prime; title_font_size=\u00a0\u00bb16px\u00a0\u00bb closed_title_font_size=\u00a0\u00bb19px\u00a0\u00bb body_text_color=\u00a0\u00bb#000000&Prime; body_font_size=\u00a0\u00bb12px\u00a0\u00bb background_color=\u00a0\u00bb#e5e5e5&Prime; global_colors_info=\u00a0\u00bb{}\u00a0\u00bb]\n<p><img loading=\"lazy\" decoding=\"async\" class=\"wp-image-11104 alignnone size-full\" src=\"https:\/\/t-neph.cms2hset.org\/wp-content\/uploads\/2024\/01\/Photo-CY.jpg\" alt=\"\" width=\"154\" height=\"181\" \/><\/p>\n<p>C.Yzydorczyk holds a PhD in biomedical sciences and life and health sciences from the Universit\u00e9 de<br \/>Montr\u00e9al (Canada) and the Universit\u00e9 d&rsquo;Auvergne (France). After two post-doctorates in Nancy and<br \/>Marseille (France), C.Yzydorczyk followed Pr Simeoni to Lausanne in 2014 as a research fellow to<br \/>develop a research laboratory focusing on the Developmental Origins of Health and Disease (DOHaD). In 2017, she was awarded an academic title of \u00ab Maitre d&rsquo;Enseignement et de Recherche \u00bb, which enables her to teach at the University of Lausanne at bachelor and master levels and to supervise master&rsquo;s students in biology, medicine and MD students. Her research focuses mainly on the long-term consequences of intrauterine growth restriction. Thanks in particular to funding obtained from the \u201cAssociation pour l&rsquo;information et la recherche sur les maladies r\u00e9nales g\u00e9n\u00e9tiques\u201d (AIRG). In 2017, she was able to identify a sexual dimorphism in the development of cardiovascular, metabolic and hepatic alterations associated with oxidative stress and premature cellular senescence at adulthood in a rat model born after an intrauterine growth restriction.<\/p>\n[\/et_pb_toggle][\/et_pb_column][\/et_pb_row][et_pb_row _builder_version=\u00a0\u00bb4.20.0&Prime; _module_preset=\u00a0\u00bbdefault\u00a0\u00bb global_colors_info=\u00a0\u00bb{}\u00a0\u00bb][et_pb_column type=\u00a0\u00bb4_4&Prime; _builder_version=\u00a0\u00bb4.20.0&Prime; _module_preset=\u00a0\u00bbdefault\u00a0\u00bb global_colors_info=\u00a0\u00bb{}\u00a0\u00bb][et_pb_divider color=\u00a0\u00bb#2136ef\u00a0\u00bb divider_weight=\u00a0\u00bb3px\u00a0\u00bb _builder_version=\u00a0\u00bb4.20.0&Prime; _module_preset=\u00a0\u00bbdefault\u00a0\u00bb locked=\u00a0\u00bboff\u00a0\u00bb global_colors_info=\u00a0\u00bb{}\u00a0\u00bb][\/et_pb_divider][\/et_pb_column][\/et_pb_row][et_pb_row _builder_version=\u00a0\u00bb4.20.0&Prime; _module_preset=\u00a0\u00bbdefault\u00a0\u00bb global_colors_info=\u00a0\u00bb{}\u00a0\u00bb][et_pb_column type=\u00a0\u00bb4_4&Prime; _builder_version=\u00a0\u00bb4.20.0&Prime; _module_preset=\u00a0\u00bbdefault\u00a0\u00bb global_colors_info=\u00a0\u00bb{}\u00a0\u00bb][et_pb_text admin_label=\u00a0\u00bb17:45 &#8211; 18:00   Break\u00a0\u00bb _builder_version=\u00a0\u00bb4.20.0&Prime; text_font=\u00a0\u00bb||||||||\u00a0\u00bb link_font=\u00a0\u00bb||||||||\u00a0\u00bb link_text_color=\u00a0\u00bb#4646c4&Prime; header_font=\u00a0\u00bb||||||||\u00a0\u00bb header_line_height=\u00a0\u00bb2em\u00a0\u00bb header_3_font=\u00a0\u00bbMerriweather|700|||||||\u00a0\u00bb header_3_text_color=\u00a0\u00bb#4646c4&Prime; header_3_line_height=\u00a0\u00bb1.3em\u00a0\u00bb custom_margin=\u00a0\u00bb||20px|\u00a0\u00bb locked=\u00a0\u00bboff\u00a0\u00bb global_colors_info=\u00a0\u00bb{}\u00a0\u00bb]\n<h2><em><strong><span style=\"color: green;\">17:45 &#8211; 18:00\u00a0 \u00a0Break<\/span><\/strong><\/em><\/h2>\n[\/et_pb_text][\/et_pb_column][\/et_pb_row][et_pb_row _builder_version=\u00a0\u00bb4.20.0&Prime; _module_preset=\u00a0\u00bbdefault\u00a0\u00bb custom_margin=\u00a0\u00bb|auto|-74px|auto||\u00a0\u00bb global_colors_info=\u00a0\u00bb{}\u00a0\u00bb][et_pb_column type=\u00a0\u00bb4_4&Prime; _builder_version=\u00a0\u00bb4.20.0&Prime; _module_preset=\u00a0\u00bbdefault\u00a0\u00bb global_colors_info=\u00a0\u00bb{}\u00a0\u00bb][et_pb_text admin_label=\u00a0\u00bbJean-Pierre Guignard, a citizen of the world\u00a0\u00bb _builder_version=\u00a0\u00bb4.20.0&Prime; text_font=\u00a0\u00bb||||||||\u00a0\u00bb link_font=\u00a0\u00bb||||||||\u00a0\u00bb link_text_color=\u00a0\u00bb#4646c4&Prime; header_font=\u00a0\u00bb||||||||\u00a0\u00bb header_3_font=\u00a0\u00bbMerriweather|700|||||||\u00a0\u00bb header_3_text_color=\u00a0\u00bb#4646c4&Prime; header_3_line_height=\u00a0\u00bb1.3em\u00a0\u00bb custom_margin=\u00a0\u00bb||20px|\u00a0\u00bb global_colors_info=\u00a0\u00bb{}\u00a0\u00bb]\n<h2><big><big><em><strong>18:00\u00a0 Session 5\u00a0 \u2192Jean-Pierre Guignard, a citizen of the world<br \/><\/strong><\/em><\/big><\/big><\/h2>\n<h4><big><big><em>Chair: Bernard Rossier (University of Lausanne, Switzerland)<\/em><\/big><\/big><\/h4>\n[\/et_pb_text][\/et_pb_column][\/et_pb_row][et_pb_row column_structure=\u00a0\u00bb1_4,3_4&Prime; _builder_version=\u00a0\u00bb4.20.0&Prime; _module_preset=\u00a0\u00bbdefault\u00a0\u00bb custom_margin=\u00a0\u00bb|auto|-56px|auto||\u00a0\u00bb global_colors_info=\u00a0\u00bb{}\u00a0\u00bb][et_pb_column type=\u00a0\u00bb1_4&Prime; _builder_version=\u00a0\u00bb4.20.0&Prime; _module_preset=\u00a0\u00bbdefault\u00a0\u00bb global_colors_info=\u00a0\u00bb{}\u00a0\u00bb][et_pb_blurb title=\u00a0\u00bb18:00&Prime; use_icon=\u00a0\u00bbon\u00a0\u00bb font_icon=\u00a0\u00bb&#x7d;||divi||400&Prime; icon_color=\u00a0\u00bb#a9aab7&Prime; icon_placement=\u00a0\u00bbleft\u00a0\u00bb image_icon_width=\u00a0\u00bb24px\u00a0\u00bb admin_label=\u00a0\u00bb18:00&Prime; _builder_version=\u00a0\u00bb4.20.0&Prime; header_font=\u00a0\u00bb|||on|||||\u00a0\u00bb header_font_size=\u00a0\u00bb14px\u00a0\u00bb header_letter_spacing=\u00a0\u00bb1px\u00a0\u00bb header_line_height=\u00a0\u00bb24px\u00a0\u00bb body_font=\u00a0\u00bb||||||||\u00a0\u00bb custom_margin=\u00a0\u00bb|||\u00a0\u00bb icon_font_size=\u00a0\u00bb24px\u00a0\u00bb global_colors_info=\u00a0\u00bb{}\u00a0\u00bb][\/et_pb_blurb][\/et_pb_column][et_pb_column type=\u00a0\u00bb3_4&Prime; _builder_version=\u00a0\u00bb4.20.0&Prime; _module_preset=\u00a0\u00bbdefault\u00a0\u00bb global_colors_info=\u00a0\u00bb{}\u00a0\u00bb][et_pb_text admin_label=\u00a0\u00bbBernard Borel\u00a0\u00bb _builder_version=\u00a0\u00bb4.20.0&Prime; text_font=\u00a0\u00bb||||||||\u00a0\u00bb link_font=\u00a0\u00bb||||||||\u00a0\u00bb link_text_color=\u00a0\u00bb#4646c4&Prime; header_font=\u00a0\u00bb||||||||\u00a0\u00bb header_3_font=\u00a0\u00bbMerriweather|700|||||||\u00a0\u00bb header_3_text_color=\u00a0\u00bb#4646c4&Prime; header_3_line_height=\u00a0\u00bb1.3em\u00a0\u00bb custom_margin=\u00a0\u00bb||20px|\u00a0\u00bb global_colors_info=\u00a0\u00bb{}\u00a0\u00bb]\n<h3>Merci! Camarade Guignard!<\/h3>\n[\/et_pb_text][et_pb_toggle title=\u00a0\u00bbBernard Borel (M\u00e9decins Action Sant\u00e9 Migrants et Centrale sanitaire)\u00a0\u00bb open_toggle_text_color=\u00a0\u00bb#000000&Prime; closed_toggle_text_color=\u00a0\u00bb#000000&Prime; icon_color=\u00a0\u00bb#0C71C3&Prime; toggle_icon=\u00a0\u00bb&#x54;||divi||400&Prime; use_icon_font_size=\u00a0\u00bbon\u00a0\u00bb icon_font_size=\u00a0\u00bb20px\u00a0\u00bb open_icon_color=\u00a0\u00bb#ffffff\u00a0\u00bb _builder_version=\u00a0\u00bb4.20.0&Prime; _module_preset=\u00a0\u00bbdefault\u00a0\u00bb title_text_color=\u00a0\u00bb#000000&Prime; title_level=\u00a0\u00bbh1&Prime; title_font_size=\u00a0\u00bb16px\u00a0\u00bb closed_title_font_size=\u00a0\u00bb19px\u00a0\u00bb body_text_color=\u00a0\u00bb#000000&Prime; body_font_size=\u00a0\u00bb12px\u00a0\u00bb background_color=\u00a0\u00bb#e5e5e5&Prime; global_colors_info=\u00a0\u00bb{}\u00a0\u00bb]\n<h6><img loading=\"lazy\" decoding=\"async\" class=\"wp-image-10994 alignnone size-full\" src=\"https:\/\/t-neph.cms2hset.org\/wp-content\/uploads\/2023\/12\/B.Borel_.jpeg\" alt=\"\" width=\"204\" height=\"192\" \/><\/h6>\n<p>Bernard B is a pediatrician who is very actively involved in humanitarian actions within various associations: CSS <a href=\"https:\/\/css-romande.ch\/\" target=\"_blank\" rel=\"noopener\">Centrale sanitaire romande<\/a>, <a href=\"https:\/\/masm.ch\/\" target=\"_blank\" rel=\"noopener\">M\u00e9decins Association Migrants<\/a>, <a href=\"https:\/\/www.medicusmundi.ch\/en\/about-us\/what-we-do\" target=\"_blank\" rel=\"noopener\">Medicus Mundi<\/a><\/p>\n[\/et_pb_toggle][\/et_pb_column][\/et_pb_row][et_pb_row column_structure=\u00a0\u00bb1_4,3_4&Prime; _builder_version=\u00a0\u00bb4.20.0&Prime; _module_preset=\u00a0\u00bbdefault\u00a0\u00bb custom_padding=\u00a0\u00bb||0px|||\u00a0\u00bb global_colors_info=\u00a0\u00bb{}\u00a0\u00bb][et_pb_column type=\u00a0\u00bb1_4&Prime; _builder_version=\u00a0\u00bb4.20.0&Prime; _module_preset=\u00a0\u00bbdefault\u00a0\u00bb global_colors_info=\u00a0\u00bb{}\u00a0\u00bb][et_pb_blurb title=\u00a0\u00bb18:10&Prime; use_icon=\u00a0\u00bbon\u00a0\u00bb font_icon=\u00a0\u00bb&#x7d;||divi||400&Prime; icon_color=\u00a0\u00bb#a9aab7&Prime; icon_placement=\u00a0\u00bbleft\u00a0\u00bb image_icon_width=\u00a0\u00bb24px\u00a0\u00bb admin_label=\u00a0\u00bb18:10&Prime; _builder_version=\u00a0\u00bb4.20.0&Prime; header_font=\u00a0\u00bb|||on|||||\u00a0\u00bb header_font_size=\u00a0\u00bb14px\u00a0\u00bb header_letter_spacing=\u00a0\u00bb1px\u00a0\u00bb header_line_height=\u00a0\u00bb24px\u00a0\u00bb body_font=\u00a0\u00bb||||||||\u00a0\u00bb custom_margin=\u00a0\u00bb|||\u00a0\u00bb icon_font_size=\u00a0\u00bb24px\u00a0\u00bb locked=\u00a0\u00bboff\u00a0\u00bb global_colors_info=\u00a0\u00bb{}\u00a0\u00bb][\/et_pb_blurb][\/et_pb_column][et_pb_column type=\u00a0\u00bb3_4&Prime; _builder_version=\u00a0\u00bb4.20.0&Prime; _module_preset=\u00a0\u00bbdefault\u00a0\u00bb global_colors_info=\u00a0\u00bb{}\u00a0\u00bb][et_pb_text admin_label=\u00a0\u00bbGeorg Simbruner\u00a0\u00bb _builder_version=\u00a0\u00bb4.20.0&Prime; text_font=\u00a0\u00bb||||||||\u00a0\u00bb link_font=\u00a0\u00bb||||||||\u00a0\u00bb link_text_color=\u00a0\u00bb#4646c4&Prime; header_font=\u00a0\u00bb||||||||\u00a0\u00bb header_3_font=\u00a0\u00bbMerriweather|700|||||||\u00a0\u00bb header_3_text_color=\u00a0\u00bb#4646c4&Prime; header_3_line_height=\u00a0\u00bb1.3em\u00a0\u00bb custom_margin=\u00a0\u00bb||20px|\u00a0\u00bb global_colors_info=\u00a0\u00bb{}\u00a0\u00bb]\n<h3>Jean-Pierre Guignard a mediator of KNOWLEDGE with a firm FAITH in its value<\/h3>\n[\/et_pb_text][et_pb_toggle title=\u00a0\u00bbGeorg Simbruner (IPOKRATES)\u00a0\u00bb open_toggle_text_color=\u00a0\u00bb#000000&Prime; closed_toggle_text_color=\u00a0\u00bb#000000&Prime; icon_color=\u00a0\u00bb#0C71C3&Prime; toggle_icon=\u00a0\u00bb&#x54;||divi||400&Prime; use_icon_font_size=\u00a0\u00bbon\u00a0\u00bb icon_font_size=\u00a0\u00bb20px\u00a0\u00bb open_icon_color=\u00a0\u00bb#ffffff\u00a0\u00bb _builder_version=\u00a0\u00bb4.20.0&Prime; _module_preset=\u00a0\u00bbdefault\u00a0\u00bb title_text_color=\u00a0\u00bb#000000&Prime; title_level=\u00a0\u00bbh1&Prime; title_font_size=\u00a0\u00bb16px\u00a0\u00bb closed_title_font_size=\u00a0\u00bb19px\u00a0\u00bb body_text_color=\u00a0\u00bb#000000&Prime; body_font_size=\u00a0\u00bb12px\u00a0\u00bb background_color=\u00a0\u00bb#e5e5e5&Prime; global_colors_info=\u00a0\u00bb{}\u00a0\u00bb]\n<p><img loading=\"lazy\" decoding=\"async\" class=\"wp-image-10144 alignnone size-full\" src=\"https:\/\/t-neph.cms2hset.org\/wp-content\/uploads\/2023\/06\/Simbrunner.jpg\" alt=\"\" width=\"192\" height=\"264\" \/><\/p>\n<p>Georg Simbruner, M.D., Professor of Pediatrics and Neonatology, Emeritus University Innbruck, Austria, Ph.D. Theology.<br \/>Born 1945 in Upper Austria, studied medicine at Vienna University. In 1993 Georg Simbruner was appointed professor of paediatrics\/neonatology at the Ludwig Maximilians University in Munich and in 2002 at the clinic for neonatology at the Medical University of Innsbruck.<br \/>From July 2006 Simbruner was managing director of the University Children&rsquo;s Hospital in Innsbruck.<\/p>\n<p>Guest professorships at Johns Hopkins University, Baltimore and Harvard Med School, Boston, USA, at University of Stellenbosch, South Africa, at Jiao-tong University, Shanghai, China and at King Abdul-Aziz University in Riyadh, Saudi Arabia. Honorary Professor University of Belgrade, Serbia [since May 2007] and<br \/>Honorary Professor Zhengzhou University, Zhengzhou, Henan, China.<\/p>\n<p>Recipient\u00a0 \u00ab\u00a02010 Neonatal Education Award \u00a0\u00bb of the American Academy of Pediatrics (first European to receive this award)<\/p>\n<p>Research areas were pulmonary mechanics and mechanical ventilation of newborns and hypothermia management for asphyxic newborns with hypoxic-ischemic encephalopathy. Simbruner was the project manager of the large European multi-center study \u00ab\u00a0neo.nEURO.network RCT\u00a0\u00bb on \u00ab\u00a0Systemic Hypothermia after Neonatal Encephalopathy\u00a0\u00bb[2]. Georg Simbruner is also the founder and chairman of IPIOKRaTES, an international foundation for postgraduate \u00a0education of physicians, as well as the founder and the first president of the Union of European Neonatal and Perinatal Societies UENPS (Union of European Neonatal and Perinatal Societies) which is a roof organisation comprising 31 national neonatal or perinatal societies.<\/p>\n<p>After retiring from the Medical University of Innsbruck in March 2009, Georg Simbruner began studying Catholic theology at the University of Innsbruck and Vienna. Since 2012 he continued his studies in the doctoral program Advanced Theological Studies\/Religious Education (dissertation area Catholic theology) and completed his studies with a PhD in Theology, University of Vienna on June 29, 2016 and publised his thesis \u00ab\u00a0The beginning of human existence. Biological-medical contributions to a philosophical-theological anthropology of the prenatal, peri- and immediate postnatal period\u00a0\u00bb. His focus is on anthropological topics, reproductive medicine and epigenetics. Georg Simbruner is the initiator of the lecture series \u00ab\u00a0Religions in the Hospital\u00a0\u00bb running since January 2014 with audio documentation, and is the organizer of three Philosophical-theological Internet Courses on the following topics: 1.) Core topics of philosophy and theology [2020], 2.) Important women in theology and philosophy [2021 ], 3.) Recognition, knowledge and belief and sexuality and religions [2023]. The doctoral thesis \u00ab\u00a0The beginning of human existence and the foundation of man\u00a0\u00bb has been published in German, English, French and Spanish by SVH Verlag and is available at Amazon or morebooks.de or bookstores. Georg Simbruner is married to a South African, the father of six children and grandfather of fifteen grandchildren and lives as a enthusiastic European in Vienna.<\/p>\n[\/et_pb_toggle][\/et_pb_column][\/et_pb_row][et_pb_row column_structure=\u00a0\u00bb1_4,3_4&Prime; _builder_version=\u00a0\u00bb4.20.0&Prime; _module_preset=\u00a0\u00bbdefault\u00a0\u00bb custom_margin=\u00a0\u00bb|auto|-45px|auto||\u00a0\u00bb global_colors_info=\u00a0\u00bb{}\u00a0\u00bb][et_pb_column type=\u00a0\u00bb1_4&Prime; _builder_version=\u00a0\u00bb4.20.0&Prime; _module_preset=\u00a0\u00bbdefault\u00a0\u00bb global_colors_info=\u00a0\u00bb{}\u00a0\u00bb][et_pb_blurb title=\u00a0\u00bb18:20&Prime; use_icon=\u00a0\u00bbon\u00a0\u00bb font_icon=\u00a0\u00bb&#x7d;||divi||400&Prime; icon_color=\u00a0\u00bb#a9aab7&Prime; icon_placement=\u00a0\u00bbleft\u00a0\u00bb image_icon_width=\u00a0\u00bb24px\u00a0\u00bb admin_label=\u00a0\u00bb18:20&Prime; _builder_version=\u00a0\u00bb4.20.0&Prime; header_font=\u00a0\u00bb|||on|||||\u00a0\u00bb header_font_size=\u00a0\u00bb14px\u00a0\u00bb header_letter_spacing=\u00a0\u00bb1px\u00a0\u00bb header_line_height=\u00a0\u00bb24px\u00a0\u00bb body_font=\u00a0\u00bb||||||||\u00a0\u00bb custom_margin=\u00a0\u00bb|||\u00a0\u00bb icon_font_size=\u00a0\u00bb24px\u00a0\u00bb locked=\u00a0\u00bboff\u00a0\u00bb global_colors_info=\u00a0\u00bb{}\u00a0\u00bb][\/et_pb_blurb][\/et_pb_column][et_pb_column type=\u00a0\u00bb3_4&Prime; _builder_version=\u00a0\u00bb4.20.0&Prime; _module_preset=\u00a0\u00bbdefault\u00a0\u00bb global_colors_info=\u00a0\u00bb{}\u00a0\u00bb][et_pb_text admin_label=\u00a0\u00bbSt\u00e9phanie S\u00e9n\u00e9chal\u00a0\u00bb _builder_version=\u00a0\u00bb4.20.0&Prime; text_font=\u00a0\u00bb||||||||\u00a0\u00bb link_font=\u00a0\u00bb||||||||\u00a0\u00bb link_text_color=\u00a0\u00bb#4646c4&Prime; header_font=\u00a0\u00bb||||||||\u00a0\u00bb header_3_font=\u00a0\u00bbMerriweather|700|||||||\u00a0\u00bb header_3_text_color=\u00a0\u00bb#4646c4&Prime; header_3_line_height=\u00a0\u00bb1.3em\u00a0\u00bb custom_margin=\u00a0\u00bb||20px|\u00a0\u00bb global_colors_info=\u00a0\u00bb{}\u00a0\u00bb]\n<h3>AIRG: A non for profit association for patients and family suffering of genetic kidney diseases<\/h3>\n[\/et_pb_text][et_pb_toggle title=\u00a0\u00bbSt\u00e9phanie S\u00e9n\u00e9chal (AIRG Association of Information on Renal  Genetic diseases-Suisse)\u00a0\u00bb open_toggle_text_color=\u00a0\u00bb#000000&Prime; closed_toggle_text_color=\u00a0\u00bb#000000&Prime; icon_color=\u00a0\u00bb#0C71C3&Prime; toggle_icon=\u00a0\u00bb&#x54;||divi||400&Prime; use_icon_font_size=\u00a0\u00bbon\u00a0\u00bb icon_font_size=\u00a0\u00bb20px\u00a0\u00bb open_icon_color=\u00a0\u00bb#ffffff\u00a0\u00bb _builder_version=\u00a0\u00bb4.20.0&Prime; _module_preset=\u00a0\u00bbdefault\u00a0\u00bb title_text_color=\u00a0\u00bb#000000&Prime; title_level=\u00a0\u00bbh1&Prime; title_font_size=\u00a0\u00bb16px\u00a0\u00bb closed_title_font_size=\u00a0\u00bb19px\u00a0\u00bb body_text_color=\u00a0\u00bb#000000&Prime; body_font_size=\u00a0\u00bb14px\u00a0\u00bb background_color=\u00a0\u00bb#e5e5e5&Prime; global_colors_info=\u00a0\u00bb{}\u00a0\u00bb]\n<p><img loading=\"lazy\" decoding=\"async\" class=\"wp-image-10139 alignnone size-medium\" src=\"https:\/\/t-neph.cms2hset.org\/wp-content\/uploads\/2023\/07\/Capture-decran-2023-07-09-a-15.40.48.png\" alt=\"\" width=\"233\" height=\"300\" \/><\/p>\n<p>Chairwoman Patients&rsquo; organization AIRG -CH<br \/>Senior quality manager<\/p>\n<ul>\n<li>1998 Msc in Biochemistry. Faculty of Sciences University of Tours France<\/li>\n<li>1999-2000 Technician Fresenius Kabi Limoges-pareneteral nutrition<\/li>\n<li>2004 Msc in Pharmacotechnology. Faculty of Pharmacy, University of Tours<\/li>\n<li>2000-2007 3M Sant\u00e9 Pithiviers<\/li>\n<li>2007-on going. NNE\/PHARMAPLAN. Quality manager<\/li>\n<li>2010-ongoing NNE\/PHARMAPLAN Branch manager<\/li>\n<li>2008 ISO 9001 Certification Auditor (AFNOR Paris)<\/li>\n<\/ul>\n[\/et_pb_toggle][\/et_pb_column][\/et_pb_row][et_pb_row _builder_version=\u00a0\u00bb4.20.0&Prime; _module_preset=\u00a0\u00bbdefault\u00a0\u00bb global_colors_info=\u00a0\u00bb{}\u00a0\u00bb][et_pb_column type=\u00a0\u00bb4_4&Prime; _builder_version=\u00a0\u00bb4.20.0&Prime; _module_preset=\u00a0\u00bbdefault\u00a0\u00bb global_colors_info=\u00a0\u00bb{}\u00a0\u00bb][et_pb_divider color=\u00a0\u00bb#2136ef\u00a0\u00bb divider_weight=\u00a0\u00bb3px\u00a0\u00bb _builder_version=\u00a0\u00bb4.20.0&Prime; _module_preset=\u00a0\u00bbdefault\u00a0\u00bb locked=\u00a0\u00bboff\u00a0\u00bb global_colors_info=\u00a0\u00bb{}\u00a0\u00bb][\/et_pb_divider][\/et_pb_column][\/et_pb_row][et_pb_row column_structure=\u00a0\u00bb1_4,3_4&Prime; _builder_version=\u00a0\u00bb4.20.0&Prime; _module_preset=\u00a0\u00bbdefault\u00a0\u00bb background_color=\u00a0\u00bb#D2E4F9&Prime; global_colors_info=\u00a0\u00bb{}\u00a0\u00bb][et_pb_column type=\u00a0\u00bb1_4&Prime; _builder_version=\u00a0\u00bb4.20.0&Prime; _module_preset=\u00a0\u00bbdefault\u00a0\u00bb global_colors_info=\u00a0\u00bb{}\u00a0\u00bb][et_pb_blurb title=\u00a0\u00bb18:30&Prime; use_icon=\u00a0\u00bbon\u00a0\u00bb font_icon=\u00a0\u00bb&#x7d;||divi||400&Prime; icon_color=\u00a0\u00bb#a9aab7&Prime; icon_placement=\u00a0\u00bbleft\u00a0\u00bb image_icon_width=\u00a0\u00bb24px\u00a0\u00bb admin_label=\u00a0\u00bb18:30&Prime; _builder_version=\u00a0\u00bb4.20.0&Prime; header_font=\u00a0\u00bb|||on|||||\u00a0\u00bb header_font_size=\u00a0\u00bb14px\u00a0\u00bb header_letter_spacing=\u00a0\u00bb1px\u00a0\u00bb header_line_height=\u00a0\u00bb24px\u00a0\u00bb body_font=\u00a0\u00bb||||||||\u00a0\u00bb custom_margin=\u00a0\u00bb|||\u00a0\u00bb icon_font_size=\u00a0\u00bb24px\u00a0\u00bb global_colors_info=\u00a0\u00bb{}\u00a0\u00bb][\/et_pb_blurb][\/et_pb_column][et_pb_column type=\u00a0\u00bb3_4&Prime; _builder_version=\u00a0\u00bb4.20.0&Prime; _module_preset=\u00a0\u00bbdefault\u00a0\u00bb global_colors_info=\u00a0\u00bb{}\u00a0\u00bb][et_pb_text admin_label=\u00a0\u00bbRemise du prix Jean-Pierre Guignard\u00a0\u00bb _builder_version=\u00a0\u00bb4.20.0&Prime; text_font=\u00a0\u00bb||||||||\u00a0\u00bb link_font=\u00a0\u00bb||||||||\u00a0\u00bb link_text_color=\u00a0\u00bb#4646c4&Prime; header_font=\u00a0\u00bb||||||||\u00a0\u00bb header_3_font=\u00a0\u00bbMerriweather|700|||||||\u00a0\u00bb header_3_text_color=\u00a0\u00bb#4646c4&Prime; header_3_line_height=\u00a0\u00bb1.3em\u00a0\u00bb custom_margin=\u00a0\u00bb||20px|\u00a0\u00bb global_colors_info=\u00a0\u00bb{}\u00a0\u00bb]\n<h3>Remise du prix de l&rsquo;AIRG en l&rsquo;honneur de Jean-Pierre Guignard <\/h3>\n[\/et_pb_text][et_pb_toggle title=\u00a0\u00bbDr Simeon Schietzel, Senior physician, Department of Nephrology and Hypertension, University Hospital Bern\u00a0\u00bb admin_label=\u00a0\u00bbToggle\u00a0\u00bb _builder_version=\u00a0\u00bb4.20.0&Prime; _module_preset=\u00a0\u00bbdefault\u00a0\u00bb hover_enabled=\u00a0\u00bb0&Prime; global_colors_info=\u00a0\u00bb{}\u00a0\u00bb sticky_enabled=\u00a0\u00bb0&Prime;]\n<h3><img loading=\"lazy\" decoding=\"async\" class=\"wp-image-11568 alignnone \" src=\"https:\/\/t-neph.cms2hset.org\/wp-content\/uploads\/2024\/07\/Schietzel.png\" alt=\"\" width=\"123\" height=\"141\" \/><\/h3>\n<h4>Malnutrition, sarcopenia and frailty in autosomal-dominant polycystic kidney disease &#8211; Are we underestimating disease-related, negative health-trajectories?<\/h4>\n[\/et_pb_toggle][et_pb_video _builder_version=\u00a0\u00bb4.20.0&Prime; _module_preset=\u00a0\u00bbdefault\u00a0\u00bb title_text=\u00a0\u00bbUntitled design (8)\u00a0\u00bb src=\u00a0\u00bbhttps:\/\/t-neph.cms2hset.org\/wp-content\/uploads\/2024\/07\/Untitled-design-8.mp4&Prime; hover_enabled=\u00a0\u00bb0&Prime; sticky_enabled=\u00a0\u00bb0&Prime;][\/et_pb_video][\/et_pb_column][\/et_pb_row][et_pb_row _builder_version=\u00a0\u00bb4.20.0&Prime; _module_preset=\u00a0\u00bbdefault\u00a0\u00bb global_colors_info=\u00a0\u00bb{}\u00a0\u00bb][et_pb_column type=\u00a0\u00bb4_4&Prime; _builder_version=\u00a0\u00bb4.20.0&Prime; _module_preset=\u00a0\u00bbdefault\u00a0\u00bb global_colors_info=\u00a0\u00bb{}\u00a0\u00bb][\/et_pb_column][\/et_pb_row][et_pb_row _builder_version=\u00a0\u00bb4.20.0&Prime; _module_preset=\u00a0\u00bbdefault\u00a0\u00bb global_colors_info=\u00a0\u00bb{}\u00a0\u00bb][et_pb_column type=\u00a0\u00bb4_4&Prime; _builder_version=\u00a0\u00bb4.20.0&Prime; _module_preset=\u00a0\u00bbdefault\u00a0\u00bb global_colors_info=\u00a0\u00bb{}\u00a0\u00bb][et_pb_divider color=\u00a0\u00bb#2136ef\u00a0\u00bb divider_weight=\u00a0\u00bb3px\u00a0\u00bb _builder_version=\u00a0\u00bb4.20.0&Prime; _module_preset=\u00a0\u00bbdefault\u00a0\u00bb locked=\u00a0\u00bboff\u00a0\u00bb global_colors_info=\u00a0\u00bb{}\u00a0\u00bb][\/et_pb_divider][\/et_pb_column][\/et_pb_row][et_pb_row column_structure=\u00a0\u00bb1_4,3_4&Prime; _builder_version=\u00a0\u00bb4.20.0&Prime; _module_preset=\u00a0\u00bbdefault\u00a0\u00bb background_color=\u00a0\u00bbRGBA(255,255,255,0)\u00a0\u00bb global_colors_info=\u00a0\u00bb{}\u00a0\u00bb][et_pb_column type=\u00a0\u00bb1_4&Prime; _builder_version=\u00a0\u00bb4.20.0&Prime; _module_preset=\u00a0\u00bbdefault\u00a0\u00bb global_colors_info=\u00a0\u00bb{}\u00a0\u00bb][et_pb_blurb title=\u00a0\u00bb18:45&Prime; use_icon=\u00a0\u00bbon\u00a0\u00bb font_icon=\u00a0\u00bb&#x7d;||divi||400&Prime; icon_color=\u00a0\u00bb#a9aab7&Prime; icon_placement=\u00a0\u00bbleft\u00a0\u00bb image_icon_width=\u00a0\u00bb24px\u00a0\u00bb admin_label=\u00a0\u00bb18:45&Prime; _builder_version=\u00a0\u00bb4.20.0&Prime; header_font=\u00a0\u00bb|||on|||||\u00a0\u00bb header_font_size=\u00a0\u00bb14px\u00a0\u00bb header_letter_spacing=\u00a0\u00bb1px\u00a0\u00bb header_line_height=\u00a0\u00bb24px\u00a0\u00bb body_font=\u00a0\u00bb||||||||\u00a0\u00bb custom_margin=\u00a0\u00bb|||\u00a0\u00bb icon_font_size=\u00a0\u00bb24px\u00a0\u00bb locked=\u00a0\u00bboff\u00a0\u00bb global_colors_info=\u00a0\u00bb{}\u00a0\u00bb][\/et_pb_blurb][\/et_pb_column][et_pb_column type=\u00a0\u00bb3_4&Prime; _builder_version=\u00a0\u00bb4.20.0&Prime; _module_preset=\u00a0\u00bbdefault\u00a0\u00bb global_colors_info=\u00a0\u00bb{}\u00a0\u00bb][et_pb_text admin_label=\u00a0\u00bbSpecial music event\u00a0\u00bb _builder_version=\u00a0\u00bb4.20.0&Prime; text_font=\u00a0\u00bb||||||||\u00a0\u00bb link_font=\u00a0\u00bb||||||||\u00a0\u00bb link_text_color=\u00a0\u00bb#4646c4&Prime; header_font=\u00a0\u00bb||||||||\u00a0\u00bb header_3_font=\u00a0\u00bbMerriweather|700|||||||\u00a0\u00bb header_3_text_color=\u00a0\u00bb#4646c4&Prime; header_3_line_height=\u00a0\u00bb1.3em\u00a0\u00bb custom_margin=\u00a0\u00bb||20px|\u00a0\u00bb locked=\u00a0\u00bboff\u00a0\u00bb global_colors_info=\u00a0\u00bb{}\u00a0\u00bb]\n<h3>Special music event: Alexandre Cellier, improvisations<\/h3>\n[\/et_pb_text][et_pb_toggle title=\u00a0\u00bbAlexandre Cellier, musician, composer and performer\u00a0\u00bb open_toggle_text_color=\u00a0\u00bb#000000&Prime; closed_toggle_text_color=\u00a0\u00bb#000000&Prime; icon_color=\u00a0\u00bb#0C71C3&Prime; toggle_icon=\u00a0\u00bb&#x54;||divi||400&Prime; use_icon_font_size=\u00a0\u00bbon\u00a0\u00bb icon_font_size=\u00a0\u00bb20px\u00a0\u00bb open_icon_color=\u00a0\u00bb#ffffff\u00a0\u00bb _builder_version=\u00a0\u00bb4.20.0&Prime; _module_preset=\u00a0\u00bbdefault\u00a0\u00bb title_text_color=\u00a0\u00bb#000000&Prime; title_level=\u00a0\u00bbh1&Prime; title_font_size=\u00a0\u00bb16px\u00a0\u00bb closed_title_font_size=\u00a0\u00bb19px\u00a0\u00bb body_text_color=\u00a0\u00bb#000000&Prime; body_font_size=\u00a0\u00bb24px\u00a0\u00bb background_color=\u00a0\u00bb#e5e5e5&Prime; locked=\u00a0\u00bboff\u00a0\u00bb global_colors_info=\u00a0\u00bb{}\u00a0\u00bb]\n<table style=\"border-collapse: collapse; width: 87.0531%; height: 228px;\" border=\"1\">\n<tbody>\n<tr>\n<td style=\"width: 31.4451%;\"><img loading=\"lazy\" decoding=\"async\" class=\"wp-image-11129  aligncenter\" src=\"https:\/\/t-neph.cms2hset.org\/wp-content\/uploads\/2024\/01\/7lUKE2lM-scaled-e1704712847814-300x265.jpeg\" alt=\"\" width=\"239\" height=\"211\" \/><\/td>\n<td style=\"width: 3.93063%;\">\u00a0<\/td>\n<td style=\"width: 27.1677%;\"><img loading=\"lazy\" decoding=\"async\" class=\"wp-image-11128  aligncenter\" src=\"https:\/\/t-neph.cms2hset.org\/wp-content\/uploads\/2024\/01\/bZh0pD0Y-300x281.jpeg\" alt=\"\" width=\"222\" height=\"208\" \/><\/td>\n<td style=\"width: 3.1213%;\">\u00a0<\/td>\n<td style=\"width: 28.1298%;\"><img loading=\"lazy\" decoding=\"async\" class=\"wp-image-11127  aligncenter\" src=\"https:\/\/t-neph.cms2hset.org\/wp-content\/uploads\/2024\/01\/pPtn_P5d-295x300.jpeg\" alt=\"\" width=\"203\" height=\"206\" \/><\/td>\n<\/tr>\n<\/tbody>\n<\/table>\n<p>Musician, composer and performer, Alexandre Cellier is passionate about musical encounters. His multiple travels and collaborations have continued to enrich his harmonies and his groove. Unexpectedly, the pianist-multi-instrumentalist has a habit: transforming everyday objects into musical instruments, thus creating around him a playful, poetic universe tinged with jazz and Latin music. On stage Alexandre gives everything, constantly reinventing himself and sharing his soul as an amazed child, taking the spectator into unknown territories.<br \/><a href=\"https:\/\/www.alexcellier.com\/\" target=\"_blank\" rel=\"noopener\">https:\/\/www.alexcellier.com\/<\/a><\/p>\n[\/et_pb_toggle][et_pb_text admin_label=\u00a0\u00bbConcluding remarks\u00a0\u00bb _builder_version=\u00a0\u00bb4.20.0&Prime; text_font=\u00a0\u00bb||||||||\u00a0\u00bb link_font=\u00a0\u00bb||||||||\u00a0\u00bb link_text_color=\u00a0\u00bb#4646c4&Prime; header_font=\u00a0\u00bb||||||||\u00a0\u00bb header_3_font=\u00a0\u00bbMerriweather|700|||||||\u00a0\u00bb header_3_text_color=\u00a0\u00bb#4646c4&Prime; header_3_line_height=\u00a0\u00bb1.3em\u00a0\u00bb custom_margin=\u00a0\u00bb||20px|\u00a0\u00bb locked=\u00a0\u00bboff\u00a0\u00bb global_colors_info=\u00a0\u00bb{}\u00a0\u00bb]\n<h3>Concluding remarks<\/h3>\n<h4>by Bernard Rossier<\/h4>\n[\/et_pb_text][\/et_pb_column][\/et_pb_row][et_pb_row _builder_version=\u00a0\u00bb4.20.0&Prime; _module_preset=\u00a0\u00bbdefault\u00a0\u00bb custom_margin=\u00a0\u00bb|auto|-47px|auto||\u00a0\u00bb global_colors_info=\u00a0\u00bb{}\u00a0\u00bb][et_pb_column type=\u00a0\u00bb4_4&Prime; _builder_version=\u00a0\u00bb4.20.0&Prime; _module_preset=\u00a0\u00bbdefault\u00a0\u00bb global_colors_info=\u00a0\u00bb{}\u00a0\u00bb][et_pb_text admin_label=\u00a0\u00bbEnd of symposium\u00a0\u00bb _builder_version=\u00a0\u00bb4.20.0&Prime; text_font=\u00a0\u00bb||||||||\u00a0\u00bb link_font=\u00a0\u00bb||||||||\u00a0\u00bb link_text_color=\u00a0\u00bb#4646c4&Prime; header_font=\u00a0\u00bb||||||||\u00a0\u00bb header_3_font=\u00a0\u00bbMerriweather|700|||||||\u00a0\u00bb header_3_text_color=\u00a0\u00bb#4646c4&Prime; header_3_line_height=\u00a0\u00bb1.3em\u00a0\u00bb custom_margin=\u00a0\u00bb||20px|\u00a0\u00bb locked=\u00a0\u00bboff\u00a0\u00bb global_colors_info=\u00a0\u00bb{}\u00a0\u00bb]\n<h2><em><strong>19:00 End of the symposium<\/strong><\/em><\/h2>\n[\/et_pb_text][\/et_pb_column][\/et_pb_row][\/et_pb_section]\n","protected":false},"excerpt":{"rendered":"<p>Scientific Program \u00a0Lausanne CHUVAuditoire C\u00e9sar RouxFriday June 21 2024MorningWelcome and Introduction by Bernard Rossier (Universit\u00e9 de Lausanne)Welcome from the Dean by Manuel Pascual (Facult\u00e9 de Biologie et de M\u00e9decine, Universit\u00e9 de Lausanne)Who was Jean-Pierre Guignard? by Jean-Daniel Tissot (Universit\u00e9 de Lausanne)State of the Art Lecture (1) Chair: Fran\u00e7ois Verrey (UZH) and Laurent Schild (UNIL)Functional imaging [&hellip;]<\/p>\n","protected":false},"author":1,"featured_media":0,"parent":0,"menu_order":0,"comment_status":"closed","ping_status":"closed","template":"","meta":{"_et_pb_use_builder":"on","_et_pb_old_content":"","_et_gb_content_width":""},"yoast_head":"<!-- This site is optimized with the Yoast SEO plugin v21.7 - https:\/\/yoast.com\/wordpress\/plugins\/seo\/ -->\n<title>Programme - T-Neph\/JPG<\/title>\n<meta name=\"robots\" content=\"index, follow, max-snippet:-1, max-image-preview:large, max-video-preview:-1\" \/>\n<link rel=\"canonical\" href=\"https:\/\/t-neph.cms2hset.org\/JPG\/programme\/\" \/>\n<meta property=\"og:locale\" content=\"fr_FR\" \/>\n<meta property=\"og:type\" content=\"article\" \/>\n<meta property=\"og:title\" content=\"Programme - T-Neph\/JPG\" \/>\n<meta property=\"og:description\" content=\"Scientific Program \u00a0Lausanne CHUVAuditoire C\u00e9sar RouxFriday June 21 2024MorningWelcome and Introduction by Bernard Rossier (Universit\u00e9 de Lausanne)Welcome from the Dean by Manuel Pascual (Facult\u00e9 de Biologie et de M\u00e9decine, Universit\u00e9 de Lausanne)Who was Jean-Pierre Guignard? by Jean-Daniel Tissot (Universit\u00e9 de Lausanne)State of the Art Lecture (1) Chair: Fran\u00e7ois Verrey (UZH) and Laurent Schild (UNIL)Functional imaging [&hellip;]\" \/>\n<meta property=\"og:url\" content=\"https:\/\/t-neph.cms2hset.org\/JPG\/programme\/\" \/>\n<meta property=\"og:site_name\" content=\"T-Neph\/JPG\" \/>\n<meta property=\"article:modified_time\" content=\"2024-07-08T15:20:42+00:00\" \/>\n<meta property=\"og:image\" content=\"https:\/\/t-neph.cms2hset.org\/wp-content\/uploads\/2023\/03\/1-300x300.png\" \/>\n<meta name=\"twitter:card\" content=\"summary_large_image\" \/>\n<script type=\"application\/ld+json\" class=\"yoast-schema-graph\">{\"@context\":\"https:\/\/schema.org\",\"@graph\":[{\"@type\":\"WebPage\",\"@id\":\"https:\/\/t-neph.cms2hset.org\/JPG\/programme\/\",\"url\":\"https:\/\/t-neph.cms2hset.org\/JPG\/programme\/\",\"name\":\"Programme - T-Neph\/JPG\",\"isPartOf\":{\"@id\":\"https:\/\/t-neph.cms2hset.org\/JPG\/#website\"},\"datePublished\":\"2023-06-26T14:22:40+00:00\",\"dateModified\":\"2024-07-08T15:20:42+00:00\",\"breadcrumb\":{\"@id\":\"https:\/\/t-neph.cms2hset.org\/JPG\/programme\/#breadcrumb\"},\"inLanguage\":\"fr-FR\",\"potentialAction\":[{\"@type\":\"ReadAction\",\"target\":[\"https:\/\/t-neph.cms2hset.org\/JPG\/programme\/\"]}]},{\"@type\":\"BreadcrumbList\",\"@id\":\"https:\/\/t-neph.cms2hset.org\/JPG\/programme\/#breadcrumb\",\"itemListElement\":[{\"@type\":\"ListItem\",\"position\":1,\"name\":\"Home\",\"item\":\"https:\/\/t-neph.cms2hset.org\/JPG\/\"},{\"@type\":\"ListItem\",\"position\":2,\"name\":\"Programme\"}]},{\"@type\":\"WebSite\",\"@id\":\"https:\/\/t-neph.cms2hset.org\/JPG\/#website\",\"url\":\"https:\/\/t-neph.cms2hset.org\/JPG\/\",\"name\":\"T-Neph\/JPG\",\"description\":\"Workshop JPG\",\"publisher\":{\"@id\":\"https:\/\/t-neph.cms2hset.org\/JPG\/#organization\"},\"potentialAction\":[{\"@type\":\"SearchAction\",\"target\":{\"@type\":\"EntryPoint\",\"urlTemplate\":\"https:\/\/t-neph.cms2hset.org\/JPG\/?s={search_term_string}\"},\"query-input\":\"required name=search_term_string\"}],\"inLanguage\":\"fr-FR\"},{\"@type\":\"Organization\",\"@id\":\"https:\/\/t-neph.cms2hset.org\/JPG\/#organization\",\"name\":\"HSet\",\"url\":\"https:\/\/t-neph.cms2hset.org\/JPG\/\",\"logo\":{\"@type\":\"ImageObject\",\"inLanguage\":\"fr-FR\",\"@id\":\"https:\/\/t-neph.cms2hset.org\/JPG\/#\/schema\/logo\/image\/\",\"url\":\"\",\"contentUrl\":\"\",\"caption\":\"HSet\"},\"image\":{\"@id\":\"https:\/\/t-neph.cms2hset.org\/JPG\/#\/schema\/logo\/image\/\"}}]}<\/script>\n<!-- \/ Yoast SEO plugin. -->","yoast_head_json":{"title":"Programme - T-Neph\/JPG","robots":{"index":"index","follow":"follow","max-snippet":"max-snippet:-1","max-image-preview":"max-image-preview:large","max-video-preview":"max-video-preview:-1"},"canonical":"https:\/\/t-neph.cms2hset.org\/JPG\/programme\/","og_locale":"fr_FR","og_type":"article","og_title":"Programme - T-Neph\/JPG","og_description":"Scientific Program \u00a0Lausanne CHUVAuditoire C\u00e9sar RouxFriday June 21 2024MorningWelcome and Introduction by Bernard Rossier (Universit\u00e9 de Lausanne)Welcome from the Dean by Manuel Pascual (Facult\u00e9 de Biologie et de M\u00e9decine, Universit\u00e9 de Lausanne)Who was Jean-Pierre Guignard? by Jean-Daniel Tissot (Universit\u00e9 de Lausanne)State of the Art Lecture (1) Chair: Fran\u00e7ois Verrey (UZH) and Laurent Schild (UNIL)Functional imaging [&hellip;]","og_url":"https:\/\/t-neph.cms2hset.org\/JPG\/programme\/","og_site_name":"T-Neph\/JPG","article_modified_time":"2024-07-08T15:20:42+00:00","og_image":[{"url":"https:\/\/t-neph.cms2hset.org\/wp-content\/uploads\/2023\/03\/1-300x300.png"}],"twitter_card":"summary_large_image","schema":{"@context":"https:\/\/schema.org","@graph":[{"@type":"WebPage","@id":"https:\/\/t-neph.cms2hset.org\/JPG\/programme\/","url":"https:\/\/t-neph.cms2hset.org\/JPG\/programme\/","name":"Programme - T-Neph\/JPG","isPartOf":{"@id":"https:\/\/t-neph.cms2hset.org\/JPG\/#website"},"datePublished":"2023-06-26T14:22:40+00:00","dateModified":"2024-07-08T15:20:42+00:00","breadcrumb":{"@id":"https:\/\/t-neph.cms2hset.org\/JPG\/programme\/#breadcrumb"},"inLanguage":"fr-FR","potentialAction":[{"@type":"ReadAction","target":["https:\/\/t-neph.cms2hset.org\/JPG\/programme\/"]}]},{"@type":"BreadcrumbList","@id":"https:\/\/t-neph.cms2hset.org\/JPG\/programme\/#breadcrumb","itemListElement":[{"@type":"ListItem","position":1,"name":"Home","item":"https:\/\/t-neph.cms2hset.org\/JPG\/"},{"@type":"ListItem","position":2,"name":"Programme"}]},{"@type":"WebSite","@id":"https:\/\/t-neph.cms2hset.org\/JPG\/#website","url":"https:\/\/t-neph.cms2hset.org\/JPG\/","name":"T-Neph\/JPG","description":"Workshop JPG","publisher":{"@id":"https:\/\/t-neph.cms2hset.org\/JPG\/#organization"},"potentialAction":[{"@type":"SearchAction","target":{"@type":"EntryPoint","urlTemplate":"https:\/\/t-neph.cms2hset.org\/JPG\/?s={search_term_string}"},"query-input":"required name=search_term_string"}],"inLanguage":"fr-FR"},{"@type":"Organization","@id":"https:\/\/t-neph.cms2hset.org\/JPG\/#organization","name":"HSet","url":"https:\/\/t-neph.cms2hset.org\/JPG\/","logo":{"@type":"ImageObject","inLanguage":"fr-FR","@id":"https:\/\/t-neph.cms2hset.org\/JPG\/#\/schema\/logo\/image\/","url":"","contentUrl":"","caption":"HSet"},"image":{"@id":"https:\/\/t-neph.cms2hset.org\/JPG\/#\/schema\/logo\/image\/"}}]}},"_links":{"self":[{"href":"https:\/\/t-neph.cms2hset.org\/JPG\/wp-json\/wp\/v2\/pages\/9804"}],"collection":[{"href":"https:\/\/t-neph.cms2hset.org\/JPG\/wp-json\/wp\/v2\/pages"}],"about":[{"href":"https:\/\/t-neph.cms2hset.org\/JPG\/wp-json\/wp\/v2\/types\/page"}],"author":[{"embeddable":true,"href":"https:\/\/t-neph.cms2hset.org\/JPG\/wp-json\/wp\/v2\/users\/1"}],"replies":[{"embeddable":true,"href":"https:\/\/t-neph.cms2hset.org\/JPG\/wp-json\/wp\/v2\/comments?post=9804"}],"version-history":[{"count":184,"href":"https:\/\/t-neph.cms2hset.org\/JPG\/wp-json\/wp\/v2\/pages\/9804\/revisions"}],"predecessor-version":[{"id":11574,"href":"https:\/\/t-neph.cms2hset.org\/JPG\/wp-json\/wp\/v2\/pages\/9804\/revisions\/11574"}],"wp:attachment":[{"href":"https:\/\/t-neph.cms2hset.org\/JPG\/wp-json\/wp\/v2\/media?parent=9804"}],"curies":[{"name":"wp","href":"https:\/\/api.w.org\/{rel}","templated":true}]}}